{"id":16045,"date":"2018-06-19T10:44:17","date_gmt":"2018-06-19T08:44:17","guid":{"rendered":"https:\/\/bebartlet.com\/quem-somos\/"},"modified":"2026-08-01T21:48:59","modified_gmt":"2026-08-01T19:48:59","slug":"quem-somos","status":"publish","type":"page","link":"https:\/\/bebartlet.com\/pt-pt\/quem-somos\/","title":{"rendered":"Quem somos"},"content":{"rendered":"\t\t<div data-elementor-type=\"wp-page\" data-elementor-id=\"16045\" class=\"elementor elementor-16045 elementor-95\" data-elementor-post-type=\"page\">\n\t\t\t\t\t\t<section class=\"elementor-section elementor-top-section elementor-element elementor-element-703305d elementor-section-stretched elementor-section-boxed elementor-section-height-default elementor-section-height-default\" data-id=\"703305d\" data-element_type=\"section\" data-e-type=\"section\" data-settings=\"{&quot;stretch_section&quot;:&quot;section-stretched&quot;}\">\n\t\t\t\t\t\t<div class=\"elementor-container elementor-column-gap-default\">\n\t\t\t\t\t<div class=\"aux-parallax-section elementor-column elementor-col-50 elementor-top-column elementor-element elementor-element-88a5c93\" data-id=\"88a5c93\" data-element_type=\"column\" data-e-type=\"column\">\n\t\t\t<div class=\"elementor-widget-wrap elementor-element-populated\">\n\t\t\t\t\t\t<div class=\"elementor-element elementor-element-06f98ff elementor-widget-divider--view-line elementor-widget elementor-widget-divider\" data-id=\"06f98ff\" data-element_type=\"widget\" data-e-type=\"widget\" data-widget_type=\"divider.default\">\n\t\t\t\t<div class=\"elementor-widget-container\">\n\t\t\t\t\t\t\t<div class=\"elementor-divider\">\n\t\t\t<span class=\"elementor-divider-separator\">\n\t\t\t\t\t\t<\/span>\n\t\t<\/div>\n\t\t\t\t\t\t<\/div>\n\t\t\t\t<\/div>\n\t\t\t\t<div class=\"elementor-element elementor-element-022b691 elementor-widget elementor-widget-heading\" data-id=\"022b691\" data-element_type=\"widget\" data-e-type=\"widget\" data-widget_type=\"heading.default\">\n\t\t\t\t<div class=\"elementor-widget-container\">\n\t\t\t\t\t<h1 class=\"elementor-heading-title elementor-size-default\">Somos<\/h1>\t\t\t\t<\/div>\n\t\t\t\t<\/div>\n\t\t\t\t<div class=\"elementor-element elementor-element-acd73d5 elementor-widget elementor-widget-heading\" data-id=\"acd73d5\" data-element_type=\"widget\" data-e-type=\"widget\" data-widget_type=\"heading.default\">\n\t\t\t\t<div class=\"elementor-widget-container\">\n\t\t\t\t\t<h2 class=\"elementor-heading-title elementor-size-default\">Conhecimentos distintos para uma abordagem diferente<\/h2>\t\t\t\t<\/div>\n\t\t\t\t<\/div>\n\t\t\t\t\t<\/div>\n\t\t<\/div>\n\t\t\t\t<div class=\"aux-parallax-section elementor-column elementor-col-50 elementor-top-column elementor-element elementor-element-9915c22\" data-id=\"9915c22\" data-element_type=\"column\" data-e-type=\"column\">\n\t\t\t<div class=\"elementor-widget-wrap\">\n\t\t\t\t\t\t\t<\/div>\n\t\t<\/div>\n\t\t\t\t\t<\/div>\n\t\t<\/section>\n\t\t\t\t<section class=\"elementor-section elementor-top-section elementor-element elementor-element-6708be57 elementor-section-boxed elementor-section-height-default elementor-section-height-default\" data-id=\"6708be57\" data-element_type=\"section\" data-e-type=\"section\">\n\t\t\t\t\t\t<div class=\"elementor-container elementor-column-gap-no\">\n\t\t\t\t\t<div class=\"aux-parallax-section elementor-column elementor-col-20 elementor-top-column elementor-element elementor-element-63adc60\" data-id=\"63adc60\" data-element_type=\"column\" data-e-type=\"column\">\n\t\t\t<div class=\"elementor-widget-wrap elementor-element-populated\">\n\t\t\t\t\t\t<div class=\"elementor-element elementor-element-211a926 eael-team-align-default elementor-widget elementor-widget-eael-team-member\" data-id=\"211a926\" data-element_type=\"widget\" data-e-type=\"widget\" data-widget_type=\"eael-team-member.default\">\n\t\t\t\t<div class=\"elementor-widget-container\">\n\t\t\t\t\t\n\n\t<div id=\"eael-team-member-211a926\" class=\"eael-team-item eael-team-members-overlay \">\n\t\t<div class=\"eael-team-item-inner\">\n\t\t\t<div class=\"eael-team-image\">\n\t\t\t\t<figure>\n\t\t\t\t\t\t\t\t\t\t<img decoding=\"async\" src=\"https:\/\/bebartlet.com\/wp-content\/uploads\/2025\/08\/bBT-2025-Adrian-Jofre-Bosch.webp\" alt=\"Adrian Jofre Bosch\">\n\t\t\t\t\t\t\t\t\t<\/figure>\n\t\t\t\t\n\t\t\t\t\n\t\t\t<\/div>\n\n\t\t\t<div class=\"eael-team-content\">\n\t\t\t\t<h2 class=\"eael-team-member-name\">Adrian Jofre Bosch<\/h2><h3 class=\"eael-team-member-position\">S\u00f3cio e presidente da beBartlet<\/h3>\n\t\t\t\t\t\t\t\t\t\t\t\t\t\t\t<ul class=\"eael-team-member-social-profiles\">\n\t\t\t\t\t\t\t\t\t\t\t\t\t\t\t\t\t\t\t\t\t\t\t\t\t\t\t\t\t\t\t\t\t\t\t\t\t\t\t\t\t<li class=\"eael-team-member-social-link\">\n\t\t\t\t\t\t\t\t\t\t<a href=\"https:\/\/www.linkedin.com\/in\/adrianjofrebosch\/\" target=\"_blank\" rel=\"noopener\">\n\t\t\t\t\t\t\t\t\t\t\t\t\t\t\t\t\t\t\t\t\t\t\t<i aria-hidden=\"true\" class=\"fab fa-linkedin-in\"><\/i>\t\t\t\t\t\t\t\t\t\t\t\t\t\t\t\t\t\t\t\t\t<\/a>\n\t\t\t\t\t\t\t\t\t<\/li>\n\t\t\t\t\t\t\t\t\t\t\t\t\t\t\t\t\t\t\t\t\t<\/ul>\n\t\t\t\t\t\t\t\t\t\t<p class=\"eael-team-text\">Professor na IE University e na Escuela Diplom\u00e1tica de Espa\u00f1a. Anteriormente, foi consultor de M&amp;A. Economista pela Universitat Pompeu Fabra, mestre em Negocia\u00e7\u00e3o pela Universidade de Columbia e com p\u00f3s-gradua\u00e7\u00f5es em Harvard e Georgetown.  <\/p>\n\t\t\t\t\t\t\t<\/div>\n\t\t<\/div>\n\t<\/div>\n\t\t\t\t\t<\/div>\n\t\t\t\t<\/div>\n\t\t\t\t\t<\/div>\n\t\t<\/div>\n\t\t\t\t<div class=\"aux-parallax-section elementor-column elementor-col-20 elementor-top-column elementor-element elementor-element-727cc35\" data-id=\"727cc35\" data-element_type=\"column\" data-e-type=\"column\">\n\t\t\t<div class=\"elementor-widget-wrap elementor-element-populated\">\n\t\t\t\t\t\t<div class=\"elementor-element elementor-element-40d9ca31 eael-team-align-default elementor-widget elementor-widget-eael-team-member\" data-id=\"40d9ca31\" data-element_type=\"widget\" data-e-type=\"widget\" data-widget_type=\"eael-team-member.default\">\n\t\t\t\t<div class=\"elementor-widget-container\">\n\t\t\t\t\t\n\n\t<div id=\"eael-team-member-40d9ca31\" class=\"eael-team-item eael-team-members-overlay \">\n\t\t<div class=\"eael-team-item-inner\">\n\t\t\t<div class=\"eael-team-image\">\n\t\t\t\t<figure>\n\t\t\t\t\t\t\t\t\t\t<img decoding=\"async\" src=\"https:\/\/bebartlet.com\/wp-content\/uploads\/elementor\/thumbs\/Captura-de-pantalla-2026-03-27-a-las-9.51.11-rl48t1vfrq8mfmwtqctlw43b8kr5xem3yicozci8rk.png\" alt=\"\">\n\t\t\t\t\t\t\t\t\t<\/figure>\n\t\t\t\t\n\t\t\t\t\n\t\t\t<\/div>\n\n\t\t\t<div class=\"eael-team-content\">\n\t\t\t\t<h2 class=\"eael-team-member-name\">Nacho Corredor<\/h2><h3 class=\"eael-team-member-position\">S\u00f3cio e vice-presidente da beBartlet<\/h3>\n\t\t\t\t\t\t\t\t\t\t\t\t\t\t\t<ul class=\"eael-team-member-social-profiles\">\n\t\t\t\t\t\t\t\t\t\t\t\t\t\t\t\t\t\t\t\t\t\t\t\t\t\t\t\t\t\t\t\t\t\t\t\t\t\t\t\t\t<li class=\"eael-team-member-social-link\">\n\t\t\t\t\t\t\t\t\t\t<a href=\"https:\/\/www.linkedin.com\/in\/nachocorredor\/\" target=\"_blank\" rel=\"noopener\">\n\t\t\t\t\t\t\t\t\t\t\t\t\t\t\t\t\t\t\t\t\t\t\t<i aria-hidden=\"true\" class=\"fab fa-linkedin-in\"><\/i>\t\t\t\t\t\t\t\t\t\t\t\t\t\t\t\t\t\t\t\t\t<\/a>\n\t\t\t\t\t\t\t\t\t<\/li>\n\t\t\t\t\t\t\t\t\t\t\t\t\t\t\t\t\t\t\t\t\t<\/ul>\n\t\t\t\t\t\t\t\t\t\t<p class=\"eael-team-text\">Cientista pol\u00edtico pela Universitat Pompeu Fabra. Membro do Conselho Consultivo da SBEES da Foment del Treball em Madrid e do C\u00edrculo Reina da Fundaci\u00f3n Museo Reina Sof\u00eda. Foi analista pol\u00edtico na SER e na laSexta, assessor no Governo de Espanha e na COP25 e consultor na LLYC.   <\/p>\n\t\t\t\t\t\t\t<\/div>\n\t\t<\/div>\n\t<\/div>\n\t\t\t\t\t<\/div>\n\t\t\t\t<\/div>\n\t\t\t\t\t<\/div>\n\t\t<\/div>\n\t\t\t\t<div class=\"aux-parallax-section elementor-column elementor-col-20 elementor-top-column elementor-element elementor-element-2cc9d359\" data-id=\"2cc9d359\" data-element_type=\"column\" data-e-type=\"column\">\n\t\t\t<div class=\"elementor-widget-wrap elementor-element-populated\">\n\t\t\t\t\t\t<div class=\"elementor-element elementor-element-77f85094 eael-team-align-default elementor-widget elementor-widget-eael-team-member\" data-id=\"77f85094\" data-element_type=\"widget\" data-e-type=\"widget\" data-widget_type=\"eael-team-member.default\">\n\t\t\t\t<div class=\"elementor-widget-container\">\n\t\t\t\t\t\n\n\t<div id=\"eael-team-member-77f85094\" class=\"eael-team-item eael-team-members-overlay \">\n\t\t<div class=\"eael-team-item-inner\">\n\t\t\t<div class=\"eael-team-image\">\n\t\t\t\t<figure>\n\t\t\t\t\t\t\t\t\t\t<img decoding=\"async\" src=\"https:\/\/bebartlet.com\/wp-content\/uploads\/2025\/08\/bBT-2025-Ramon-Mateo.webp\" alt=\"Ramon Mateo\">\n\t\t\t\t\t\t\t\t\t<\/figure>\n\t\t\t\t\n\t\t\t\t\n\t\t\t<\/div>\n\n\t\t\t<div class=\"eael-team-content\">\n\t\t\t\t<h2 class=\"eael-team-member-name\">Ram\u00f3n Mateo<\/h2><h3 class=\"eael-team-member-position\">S\u00f3cio e diretor de An\u00e1lise e Impacto Regulat\u00f3rio<\/h3>\n\t\t\t\t\t\t\t\t\t\t\t\t\t\t\t<ul class=\"eael-team-member-social-profiles\">\n\t\t\t\t\t\t\t\t\t\t\t\t\t\t\t\t\t\t\t\t\t\t\t\t\t\t\t\t\t\t\t\t\t\t\t\t\t\t\t\t\t<li class=\"eael-team-member-social-link\">\n\t\t\t\t\t\t\t\t\t\t<a href=\"https:\/\/www.linkedin.com\/in\/ram\u00f3n-mateo-escobar-4a58a320a\/\" target=\"_blank\" rel=\"noopener\">\n\t\t\t\t\t\t\t\t\t\t\t\t\t\t\t\t\t\t\t\t\t\t\t<i aria-hidden=\"true\" class=\"fab fa-linkedin-in\"><\/i>\t\t\t\t\t\t\t\t\t\t\t\t\t\t\t\t\t\t\t\t\t<\/a>\n\t\t\t\t\t\t\t\t\t<\/li>\n\t\t\t\t\t\t\t\t\t\t\t\t\t\t\t\t\t\t\t\t\t<\/ul>\n\t\t\t\t\t\t\t\t\t\t<p class=\"eael-team-text\">Senior Fellow da ESADE EcPol. Anteriormente, foi assessor durante mais de uma d\u00e9cada nas Cortes Generales e em parlamentos auton\u00f3micos. Economista pela Universidad Carlos III e mestre em An\u00e1lise Econ\u00f3mica pela Universidad de Oviedo.  <\/p>\n\t\t\t\t\t\t\t<\/div>\n\t\t<\/div>\n\t<\/div>\n\t\t\t\t\t<\/div>\n\t\t\t\t<\/div>\n\t\t\t\t\t<\/div>\n\t\t<\/div>\n\t\t\t\t<div class=\"aux-parallax-section elementor-column elementor-col-20 elementor-top-column elementor-element elementor-element-5f7ebc4c\" data-id=\"5f7ebc4c\" data-element_type=\"column\" data-e-type=\"column\">\n\t\t\t<div class=\"elementor-widget-wrap elementor-element-populated\">\n\t\t\t\t\t\t<div class=\"elementor-element elementor-element-68c3c349 eael-team-align-default elementor-widget elementor-widget-eael-team-member\" data-id=\"68c3c349\" data-element_type=\"widget\" data-e-type=\"widget\" data-widget_type=\"eael-team-member.default\">\n\t\t\t\t<div class=\"elementor-widget-container\">\n\t\t\t\t\t\n\n\t<div id=\"eael-team-member-68c3c349\" class=\"eael-team-item eael-team-members-overlay \">\n\t\t<div class=\"eael-team-item-inner\">\n\t\t\t<div class=\"eael-team-image\">\n\t\t\t\t<figure>\n\t\t\t\t\t\t\t\t\t\t<img decoding=\"async\" src=\"https:\/\/bebartlet.com\/wp-content\/uploads\/2025\/08\/bBT-2025-Jaume-Rios-.webp\" alt=\"Jaume R\u00edos\">\n\t\t\t\t\t\t\t\t\t<\/figure>\n\t\t\t\t\n\t\t\t\t\n\t\t\t<\/div>\n\n\t\t\t<div class=\"eael-team-content\">\n\t\t\t\t<h2 class=\"eael-team-member-name\">Jaume R\u00edos<\/h2><h3 class=\"eael-team-member-position\">S\u00f3cio e diretor de Barcelona<\/h3>\n\t\t\t\t\t\t\t\t\t\t\t\t\t\t\t<ul class=\"eael-team-member-social-profiles\">\n\t\t\t\t\t\t\t\t\t\t\t\t\t\t\t\t\t\t\t\t\t\t\t\t\t\t\t\t\t\t\t\t\t\t\t\t\t\t\t\t\t<li class=\"eael-team-member-social-link\">\n\t\t\t\t\t\t\t\t\t\t<a href=\"https:\/\/www.linkedin.com\/in\/jaume-r%C3%ADos\/\" target=\"_blank\" rel=\"noopener\">\n\t\t\t\t\t\t\t\t\t\t\t\t\t\t\t\t\t\t\t\t\t\t\t<i aria-hidden=\"true\" class=\"fab fa-linkedin-in\"><\/i>\t\t\t\t\t\t\t\t\t\t\t\t\t\t\t\t\t\t\t\t\t<\/a>\n\t\t\t\t\t\t\t\t\t<\/li>\n\t\t\t\t\t\t\t\t\t\t\t\t\t\t\t\t\t\t\t\t\t<\/ul>\n\t\t\t\t\t\t\t\t\t\t<p class=\"eael-team-text\">Mais de uma d\u00e9cada de experi\u00eancia em assuntos p\u00fablicos. Atualmente, \u00e9 tamb\u00e9m membro do conselho da APRI. Anteriormente, trabalhou como diretor na multinacional H+K e na 19N Strategies. Cientista pol\u00edtico pela Universitat Pompeu Fabra.   <\/p>\n\t\t\t\t\t\t\t<\/div>\n\t\t<\/div>\n\t<\/div>\n\t\t\t\t\t<\/div>\n\t\t\t\t<\/div>\n\t\t\t\t\t<\/div>\n\t\t<\/div>\n\t\t\t\t<div class=\"aux-parallax-section elementor-column elementor-col-20 elementor-top-column elementor-element elementor-element-1da1c41\" data-id=\"1da1c41\" data-element_type=\"column\" data-e-type=\"column\">\n\t\t\t<div class=\"elementor-widget-wrap elementor-element-populated\">\n\t\t\t\t\t\t<div class=\"elementor-element elementor-element-449d7ddb eael-team-align-default elementor-widget elementor-widget-eael-team-member\" data-id=\"449d7ddb\" data-element_type=\"widget\" data-e-type=\"widget\" data-widget_type=\"eael-team-member.default\">\n\t\t\t\t<div class=\"elementor-widget-container\">\n\t\t\t\t\t\n\n\t<div id=\"eael-team-member-449d7ddb\" class=\"eael-team-item eael-team-members-overlay \">\n\t\t<div class=\"eael-team-item-inner\">\n\t\t\t<div class=\"eael-team-image\">\n\t\t\t\t<figure>\n\t\t\t\t\t\t\t\t\t\t<img decoding=\"async\" src=\"https:\/\/bebartlet.com\/wp-content\/uploads\/elementor\/thumbs\/Copia-de-_DSC8611-1-1-scaled-rdvfcphjgrvcz6bk4pathvbmu607a0a1h53t70n1sw.jpg\" alt=\"\">\n\t\t\t\t\t\t\t\t\t<\/figure>\n\t\t\t\t\n\t\t\t\t\n\t\t\t<\/div>\n\n\t\t\t<div class=\"eael-team-content\">\n\t\t\t\t<h2 class=\"eael-team-member-name\">Paloma Torres<\/h2><h3 class=\"eael-team-member-position\">Diretora de Tecnologias Emergentes<\/h3>\n\t\t\t\t\t\t\t\t\t\t\t\t\t\t\t<ul class=\"eael-team-member-social-profiles\">\n\t\t\t\t\t\t\t\t\t\t\t\t\t\t\t\t\t\t\t\t\t\t\t\t\t\t\t\t\t\t\t\t\t\t\t\t\t\t\t\t\t<li class=\"eael-team-member-social-link\">\n\t\t\t\t\t\t\t\t\t\t<a href=\"https:\/\/www.linkedin.com\/in\/palomatorresbuque\/\" target=\"_blank\" rel=\"noopener\">\n\t\t\t\t\t\t\t\t\t\t\t\t\t\t\t\t\t\t\t\t\t\t\t<i aria-hidden=\"true\" class=\"fab fa-linkedin-in\"><\/i>\t\t\t\t\t\t\t\t\t\t\t\t\t\t\t\t\t\t\t\t\t<\/a>\n\t\t\t\t\t\t\t\t\t<\/li>\n\t\t\t\t\t\t\t\t\t\t\t\t\t\t\t\t\t\t\t\t\t<\/ul>\n\t\t\t\t\t\t\t\t\t\t<p class=\"eael-team-text\">Anteriormente, foi assessora na Miss\u00e3o Permanente de Espanha junto da ONU ou da UNESCO, em Nova Iorque e Paris. Advogada e cientista pol\u00edtica pela Universidad CEU Cardenal Herrera e mestre em Rela\u00e7\u00f5es Internacionais pelo IE. <\/p>\n\t\t\t\t\t\t\t<\/div>\n\t\t<\/div>\n\t<\/div>\n\t\t\t\t\t<\/div>\n\t\t\t\t<\/div>\n\t\t\t\t\t<\/div>\n\t\t<\/div>\n\t\t\t\t\t<\/div>\n\t\t<\/section>\n\t\t\t\t<section class=\"elementor-section elementor-top-section elementor-element elementor-element-5b2b95c9 elementor-section-boxed elementor-section-height-default elementor-section-height-default\" data-id=\"5b2b95c9\" data-element_type=\"section\" data-e-type=\"section\">\n\t\t\t\t\t\t<div class=\"elementor-container elementor-column-gap-no\">\n\t\t\t\t\t<div class=\"aux-parallax-section elementor-column elementor-col-20 elementor-top-column elementor-element elementor-element-435c6b9e\" data-id=\"435c6b9e\" data-element_type=\"column\" data-e-type=\"column\">\n\t\t\t<div class=\"elementor-widget-wrap elementor-element-populated\">\n\t\t\t\t\t\t<div class=\"elementor-element elementor-element-4e4c3cff eael-team-align-default elementor-widget elementor-widget-eael-team-member\" data-id=\"4e4c3cff\" data-element_type=\"widget\" data-e-type=\"widget\" data-widget_type=\"eael-team-member.default\">\n\t\t\t\t<div class=\"elementor-widget-container\">\n\t\t\t\t\t\n\n\t<div id=\"eael-team-member-4e4c3cff\" class=\"eael-team-item eael-team-members-overlay \">\n\t\t<div class=\"eael-team-item-inner\">\n\t\t\t<div class=\"eael-team-image\">\n\t\t\t\t<figure>\n\t\t\t\t\t\t\t\t\t\t<img decoding=\"async\" src=\"https:\/\/bebartlet.com\/wp-content\/uploads\/2025\/08\/bBT-2025-Gabriel-San-Miguel.webp\" alt=\"Gabriel San Miguel\">\n\t\t\t\t\t\t\t\t\t<\/figure>\n\t\t\t\t\n\t\t\t\t\n\t\t\t<\/div>\n\n\t\t\t<div class=\"eael-team-content\">\n\t\t\t\t<h2 class=\"eael-team-member-name\">Gabriel San Miguel <\/h2><h3 class=\"eael-team-member-position\">Diretor de Ci\u00eancia e Bem-Estar<\/h3>\n\t\t\t\t\t\t\t\t\t\t\t\t\t\t\t<ul class=\"eael-team-member-social-profiles\">\n\t\t\t\t\t\t\t\t\t\t\t\t\t\t\t\t\t\t\t\t\t\t\t\t\t\t\t\t\t\t\t\t\t\t\t\t\t\t\t\t\t<li class=\"eael-team-member-social-link\">\n\t\t\t\t\t\t\t\t\t\t<a href=\"https:\/\/es.linkedin.com\/in\/gabriel-san-miguel-rodriguez-b270b7a7\" target=\"_blank\" rel=\"noopener\">\n\t\t\t\t\t\t\t\t\t\t\t\t\t\t\t\t\t\t\t\t\t\t\t<i aria-hidden=\"true\" class=\"fab fa-linkedin-in\"><\/i>\t\t\t\t\t\t\t\t\t\t\t\t\t\t\t\t\t\t\t\t\t<\/a>\n\t\t\t\t\t\t\t\t\t<\/li>\n\t\t\t\t\t\t\t\t\t\t\t\t\t\t\t\t\t\t\t\t\t<\/ul>\n\t\t\t\t\t\t\t\t\t\t<p class=\"eael-team-text\">Mais de uma d\u00e9cada de experi\u00eancia em assuntos p\u00fablicos na \u00e1rea da sa\u00fade. Foi advogado na Baker &amp; McKenzie e chefe de gabinete na \u00c1rea de Pol\u00edticas Sociais da C\u00e2mara Municipal de Madrid. Licenciado em Direito e mestre em Lideran\u00e7a Pol\u00edtica pela Universidad Carlos III.  <\/p>\n\t\t\t\t\t\t\t<\/div>\n\t\t<\/div>\n\t<\/div>\n\t\t\t\t\t<\/div>\n\t\t\t\t<\/div>\n\t\t\t\t\t<\/div>\n\t\t<\/div>\n\t\t\t\t<div class=\"aux-parallax-section elementor-column elementor-col-20 elementor-top-column elementor-element elementor-element-79b4eea1\" data-id=\"79b4eea1\" data-element_type=\"column\" data-e-type=\"column\">\n\t\t\t<div class=\"elementor-widget-wrap elementor-element-populated\">\n\t\t\t\t\t\t<div class=\"elementor-element elementor-element-365c6b2e eael-team-align-default elementor-widget elementor-widget-eael-team-member\" data-id=\"365c6b2e\" data-element_type=\"widget\" data-e-type=\"widget\" data-widget_type=\"eael-team-member.default\">\n\t\t\t\t<div class=\"elementor-widget-container\">\n\t\t\t\t\t\n\n\t<div id=\"eael-team-member-365c6b2e\" class=\"eael-team-item eael-team-members-overlay \">\n\t\t<div class=\"eael-team-item-inner\">\n\t\t\t<div class=\"eael-team-image\">\n\t\t\t\t<figure>\n\t\t\t\t\t\t\t\t\t\t<img decoding=\"async\" src=\"https:\/\/bebartlet.com\/wp-content\/uploads\/2025\/08\/bBT-2025-Alejandro-Labanda.webp\" alt=\"Alejandro Labanda\">\n\t\t\t\t\t\t\t\t\t<\/figure>\n\t\t\t\t\n\t\t\t\t\n\t\t\t<\/div>\n\n\t\t\t<div class=\"eael-team-content\">\n\t\t\t\t<h2 class=\"eael-team-member-name\">Alejandro Labanda<\/h2><h3 class=\"eael-team-member-position\">Diretor de Transi\u00e7\u00e3o Ecol\u00f3gica<\/h3>\n\t\t\t\t\t\t\t\t\t\t\t\t\t\t\t<ul class=\"eael-team-member-social-profiles\">\n\t\t\t\t\t\t\t\t\t\t\t\t\t\t\t\t\t\t\t\t\t\t\t\t\t\t\t\t\t\t\t\t\t\t\t\t\t\t\t\t\t<li class=\"eael-team-member-social-link\">\n\t\t\t\t\t\t\t\t\t\t<a href=\"https:\/\/www.linkedin.com\/in\/alejandrolabanda\/\" target=\"_blank\" rel=\"noopener\">\n\t\t\t\t\t\t\t\t\t\t\t\t\t\t\t\t\t\t\t\t\t\t\t<i aria-hidden=\"true\" class=\"fab fa-linkedin-in\"><\/i>\t\t\t\t\t\t\t\t\t\t\t\t\t\t\t\t\t\t\t\t\t<\/a>\n\t\t\t\t\t\t\t\t\t<\/li>\n\t\t\t\t\t\t\t\t\t\t\t\t\t\t\t\t\t\t\t\t\t<\/ul>\n\t\t\t\t\t\t\t\t\t\t<p class=\"eael-team-text\">Mais de dez anos de experi\u00eancia em an\u00e1lise econ\u00f3mica e regulat\u00f3ria no setor, tendo trabalhado em algumas consultoras multinacionais. Engenheiro industrial pela Universidad Polit\u00e9cnica de Madrid e mestre em Setor Energ\u00e9tico. <\/p>\n\t\t\t\t\t\t\t<\/div>\n\t\t<\/div>\n\t<\/div>\n\t\t\t\t\t<\/div>\n\t\t\t\t<\/div>\n\t\t\t\t\t<\/div>\n\t\t<\/div>\n\t\t\t\t<div class=\"aux-parallax-section elementor-column elementor-col-20 elementor-top-column elementor-element elementor-element-496f59a8\" data-id=\"496f59a8\" data-element_type=\"column\" data-e-type=\"column\">\n\t\t\t<div class=\"elementor-widget-wrap elementor-element-populated\">\n\t\t\t\t\t\t<div class=\"elementor-element elementor-element-b945b50 eael-team-align-default elementor-widget elementor-widget-eael-team-member\" data-id=\"b945b50\" data-element_type=\"widget\" data-e-type=\"widget\" data-widget_type=\"eael-team-member.default\">\n\t\t\t\t<div class=\"elementor-widget-container\">\n\t\t\t\t\t\n\n\t<div id=\"eael-team-member-b945b50\" class=\"eael-team-item eael-team-members-overlay \">\n\t\t<div class=\"eael-team-item-inner\">\n\t\t\t<div class=\"eael-team-image\">\n\t\t\t\t<figure>\n\t\t\t\t\t\t\t\t\t\t<img decoding=\"async\" src=\"https:\/\/bebartlet.com\/wp-content\/uploads\/elementor\/thumbs\/IMG_7465-2-1-rdj69qdtoar1ozf26xf9qvgvz3gaodujnifu0sjz6o.jpg\" alt=\"\">\n\t\t\t\t\t\t\t\t\t<\/figure>\n\t\t\t\t\n\t\t\t\t\n\t\t\t<\/div>\n\n\t\t\t<div class=\"eael-team-content\">\n\t\t\t\t<h2 class=\"eael-team-member-name\">Marc Berruezo<\/h2><h3 class=\"eael-team-member-position\">Diretor da beBartlet Intelligence<\/h3>\n\t\t\t\t\t\t\t\t\t\t\t\t\t\t\t<ul class=\"eael-team-member-social-profiles\">\n\t\t\t\t\t\t\t\t\t\t\t\t\t\t\t\t\t\t\t\t\t\t\t\t\t\t\t\t\t\t\t\t\t\t\t\t\t\t\t\t\t<li class=\"eael-team-member-social-link\">\n\t\t\t\t\t\t\t\t\t\t<a href=\"https:\/\/www.linkedin.com\/in\/marc-berruezo-ais\/\" target=\"_blank\" rel=\"noopener\">\n\t\t\t\t\t\t\t\t\t\t\t\t\t\t\t\t\t\t\t\t\t\t\t<i aria-hidden=\"true\" class=\"fab fa-linkedin-in\"><\/i>\t\t\t\t\t\t\t\t\t\t\t\t\t\t\t\t\t\t\t\t\t<\/a>\n\t\t\t\t\t\t\t\t\t<\/li>\n\t\t\t\t\t\t\t\t\t\t\t\t\t\t\t\t\t\t\t\t\t<\/ul>\n\t\t\t\t\t\t\t\t\t\t<p class=\"eael-team-text\">Foi assessor do presidente da Comiss\u00e3o dos Assuntos Jur\u00eddicos do Parlamento Europeu e diretor de comunica\u00e7\u00e3o do Ciudadanos. Licenciado pela ESADE e com um MPA por Harvard.  <\/p>\n\t\t\t\t\t\t\t<\/div>\n\t\t<\/div>\n\t<\/div>\n\t\t\t\t\t<\/div>\n\t\t\t\t<\/div>\n\t\t\t\t\t<\/div>\n\t\t<\/div>\n\t\t\t\t<div class=\"aux-parallax-section elementor-column elementor-col-20 elementor-top-column elementor-element elementor-element-3cb3ad60\" data-id=\"3cb3ad60\" data-element_type=\"column\" data-e-type=\"column\">\n\t\t\t<div class=\"elementor-widget-wrap elementor-element-populated\">\n\t\t\t\t\t\t<div class=\"elementor-element elementor-element-7cfaf7e eael-team-align-default elementor-widget elementor-widget-eael-team-member\" data-id=\"7cfaf7e\" data-element_type=\"widget\" data-e-type=\"widget\" data-widget_type=\"eael-team-member.default\">\n\t\t\t\t<div class=\"elementor-widget-container\">\n\t\t\t\t\t\n\n\t<div id=\"eael-team-member-7cfaf7e\" class=\"eael-team-item eael-team-members-overlay \">\n\t\t<div class=\"eael-team-item-inner\">\n\t\t\t<div class=\"eael-team-image\">\n\t\t\t\t<figure>\n\t\t\t\t\t\t\t\t\t\t<img decoding=\"async\" src=\"https:\/\/bebartlet.com\/wp-content\/uploads\/elementor\/thumbs\/Captura-de-pantalla-2026-04-20-a-las-13.52.36-1-rma8pum5w95t0g1ms04u9p1zkm4v8m65k1s3o8duqo.png\" alt=\"\">\n\t\t\t\t\t\t\t\t\t<\/figure>\n\t\t\t\t\n\t\t\t\t\n\t\t\t<\/div>\n\n\t\t\t<div class=\"eael-team-content\">\n\t\t\t\t<h2 class=\"eael-team-member-name\">Carmen de la Llave<\/h2><h3 class=\"eael-team-member-position\">Diretora de Ci\u00eancia e Bem-Estar<\/h3>\n\t\t\t\t\t\t\t\t\t\t\t\t\t\t\t<ul class=\"eael-team-member-social-profiles\">\n\t\t\t\t\t\t\t\t\t\t\t\t\t\t\t\t\t\t\t\t\t\t\t\t\t\t\t\t\t\t\t\t\t\t\t\t\t\t\t\t\t<li class=\"eael-team-member-social-link\">\n\t\t\t\t\t\t\t\t\t\t<a href=\"https:\/\/www.linkedin.com\/in\/carmendelallavemira\/\" target=\"_blank\" rel=\"noopener\">\n\t\t\t\t\t\t\t\t\t\t\t\t\t\t\t\t\t\t\t\t\t\t\t<i aria-hidden=\"true\" class=\"fab fa-linkedin-in\"><\/i>\t\t\t\t\t\t\t\t\t\t\t\t\t\t\t\t\t\t\t\t\t<\/a>\n\t\t\t\t\t\t\t\t\t<\/li>\n\t\t\t\t\t\t\t\t\t\t\t\t\t\t\t\t\t\t\t\t\t<\/ul>\n\t\t\t\t\t\t\t\t\t\t<p class=\"eael-team-text\">Conta com quase quinze anos de experi\u00eancia em consultoria estrat\u00e9gica na LLYC, ap\u00f3s uma passagem pela ag\u00eancia Europa Press. \u00c9 jornalista, cientista pol\u00edtica e professora no CEU de Barcelona. Mestre em Dire\u00e7\u00e3o de Comunica\u00e7\u00e3o pela UPF.  <\/p>\n\t\t\t\t\t\t\t<\/div>\n\t\t<\/div>\n\t<\/div>\n\t\t\t\t\t<\/div>\n\t\t\t\t<\/div>\n\t\t\t\t\t<\/div>\n\t\t<\/div>\n\t\t\t\t<div class=\"aux-parallax-section elementor-column elementor-col-20 elementor-top-column elementor-element elementor-element-4cae5406\" data-id=\"4cae5406\" data-element_type=\"column\" data-e-type=\"column\">\n\t\t\t<div class=\"elementor-widget-wrap elementor-element-populated\">\n\t\t\t\t\t\t<div class=\"elementor-element elementor-element-ae0c5df eael-team-align-default elementor-widget elementor-widget-eael-team-member\" data-id=\"ae0c5df\" data-element_type=\"widget\" data-e-type=\"widget\" data-widget_type=\"eael-team-member.default\">\n\t\t\t\t<div class=\"elementor-widget-container\">\n\t\t\t\t\t\n\n\t<div id=\"eael-team-member-ae0c5df\" class=\"eael-team-item eael-team-members-overlay \">\n\t\t<div class=\"eael-team-item-inner\">\n\t\t\t<div class=\"eael-team-image\">\n\t\t\t\t<figure>\n\t\t\t\t\t\t\t\t\t\t<img decoding=\"async\" src=\"https:\/\/bebartlet.com\/wp-content\/uploads\/elementor\/thumbs\/Captura-de-pantalla-2026-04-27-a-las-9.57.09-1-rmm5c5f9fo2ufeo8nu3btwvuig5dnfe5oy0c3lq3fk.png\" alt=\"\">\n\t\t\t\t\t\t\t\t\t<\/figure>\n\t\t\t\t\n\t\t\t\t\n\t\t\t<\/div>\n\n\t\t\t<div class=\"eael-team-content\">\n\t\t\t\t<h2 class=\"eael-team-member-name\">Mario Pulido<\/h2><h3 class=\"eael-team-member-position\">Diretor de Lideran\u00e7a Econ\u00f3mica e Servi\u00e7os Financeiros<\/h3>\n\t\t\t\t\t\t\t\t\t\t\t\t\t\t\t<ul class=\"eael-team-member-social-profiles\">\n\t\t\t\t\t\t\t\t\t\t\t\t\t\t\t\t\t\t\t\t\t\t\t\t\t\t\t\t\t\t\t\t\t\t\t\t\t\t\t\t\t<li class=\"eael-team-member-social-link\">\n\t\t\t\t\t\t\t\t\t\t<a href=\"https:\/\/www.linkedin.com\/in\/mario-pulido-762197184\/\" target=\"_blank\" rel=\"noopener\">\n\t\t\t\t\t\t\t\t\t\t\t\t\t\t\t\t\t\t\t\t\t\t\t<i aria-hidden=\"true\" class=\"fab fa-linkedin-in\"><\/i>\t\t\t\t\t\t\t\t\t\t\t\t\t\t\t\t\t\t\t\t\t<\/a>\n\t\t\t\t\t\t\t\t\t<\/li>\n\t\t\t\t\t\t\t\t\t\t\t\t\t\t\t\t\t\t\t\t\t<\/ul>\n\t\t\t\t\t\t\t\t\t\t<p class=\"eael-team-text\">Mais de uma d\u00e9cada de experi\u00eancia nas \u00e1reas da comunica\u00e7\u00e3o e dos assuntos p\u00fablicos. Anteriormente, foi diretor-geral da Rud Pedersen em Espanha e chefe de gabinete na C\u00e2mara Municipal de Valladolid. Licenciado em Direito.  <\/p>\n\t\t\t\t\t\t\t<\/div>\n\t\t<\/div>\n\t<\/div>\n\t\t\t\t\t<\/div>\n\t\t\t\t<\/div>\n\t\t\t\t\t<\/div>\n\t\t<\/div>\n\t\t\t\t\t<\/div>\n\t\t<\/section>\n\t\t\t\t<section class=\"elementor-section elementor-top-section elementor-element elementor-element-8fba924 elementor-section-boxed elementor-section-height-default elementor-section-height-default\" data-id=\"8fba924\" data-element_type=\"section\" data-e-type=\"section\">\n\t\t\t\t\t\t<div class=\"elementor-container elementor-column-gap-no\">\n\t\t\t\t\t<div class=\"aux-parallax-section elementor-column elementor-col-20 elementor-top-column elementor-element elementor-element-abd01fc\" data-id=\"abd01fc\" data-element_type=\"column\" data-e-type=\"column\">\n\t\t\t<div class=\"elementor-widget-wrap\">\n\t\t\t\t\t\t\t<\/div>\n\t\t<\/div>\n\t\t\t\t<div class=\"aux-parallax-section elementor-column elementor-col-20 elementor-top-column elementor-element elementor-element-3db2a98\" data-id=\"3db2a98\" data-element_type=\"column\" data-e-type=\"column\">\n\t\t\t<div class=\"elementor-widget-wrap\">\n\t\t\t\t\t\t\t<\/div>\n\t\t<\/div>\n\t\t\t\t<div class=\"aux-parallax-section elementor-column elementor-col-20 elementor-top-column elementor-element elementor-element-f21b7ff\" data-id=\"f21b7ff\" data-element_type=\"column\" data-e-type=\"column\">\n\t\t\t<div class=\"elementor-widget-wrap\">\n\t\t\t\t\t\t\t<\/div>\n\t\t<\/div>\n\t\t\t\t<div class=\"aux-parallax-section elementor-column elementor-col-20 elementor-top-column elementor-element elementor-element-a93203e\" data-id=\"a93203e\" data-element_type=\"column\" data-e-type=\"column\">\n\t\t\t<div class=\"elementor-widget-wrap\">\n\t\t\t\t\t\t\t<\/div>\n\t\t<\/div>\n\t\t\t\t<div class=\"aux-parallax-section elementor-column elementor-col-20 elementor-top-column elementor-element elementor-element-8e22c55\" data-id=\"8e22c55\" data-element_type=\"column\" data-e-type=\"column\">\n\t\t\t<div class=\"elementor-widget-wrap\">\n\t\t\t\t\t\t\t<\/div>\n\t\t<\/div>\n\t\t\t\t\t<\/div>\n\t\t<\/section>\n\t\t\t\t<section class=\"elementor-section elementor-top-section elementor-element elementor-element-e5fbc16 elementor-section-boxed elementor-section-height-default elementor-section-height-default\" data-id=\"e5fbc16\" data-element_type=\"section\" data-e-type=\"section\">\n\t\t\t\t\t\t<div class=\"elementor-container elementor-column-gap-no\">\n\t\t\t\t\t<div class=\"aux-parallax-section elementor-column elementor-col-20 elementor-top-column elementor-element elementor-element-1be6f6e\" data-id=\"1be6f6e\" data-element_type=\"column\" data-e-type=\"column\">\n\t\t\t<div class=\"elementor-widget-wrap elementor-element-populated\">\n\t\t\t\t\t\t<div class=\"elementor-element elementor-element-070717a eael-team-align-default elementor-widget elementor-widget-eael-team-member\" data-id=\"070717a\" data-element_type=\"widget\" data-e-type=\"widget\" data-widget_type=\"eael-team-member.default\">\n\t\t\t\t<div class=\"elementor-widget-container\">\n\t\t\t\t\t\n\n\t<div id=\"eael-team-member-070717a\" class=\"eael-team-item eael-team-members-overlay \">\n\t\t<div class=\"eael-team-item-inner\">\n\t\t\t<div class=\"eael-team-image\">\n\t\t\t\t<figure>\n\t\t\t\t\t\t\t\t\t\t<img decoding=\"async\" src=\"https:\/\/bebartlet.com\/wp-content\/uploads\/2025\/08\/bBT-2025-Sara-Perez.webp\" alt=\"Sara P\u00e9rez\">\n\t\t\t\t\t\t\t\t\t<\/figure>\n\t\t\t\t\n\t\t\t\t\n\t\t\t<\/div>\n\n\t\t\t<div class=\"eael-team-content\">\n\t\t\t\t<h2 class=\"eael-team-member-name\">Sara P\u00e9rez<\/h2><h3 class=\"eael-team-member-position\">Coordenadora<\/h3>\n\t\t\t\t\t\t\t\t\t\t\t\t\t\t\t<ul class=\"eael-team-member-social-profiles\">\n\t\t\t\t\t\t\t\t\t\t\t\t\t\t\t\t\t\t\t\t\t\t\t\t\t\t\t\t\t\t\t\t\t\t\t\t\t\t\t\t\t<li class=\"eael-team-member-social-link\">\n\t\t\t\t\t\t\t\t\t\t<a href=\"https:\/\/www.linkedin.com\/in\/sarapereznavia\/?originalSubdomain=es\" target=\"_blank\" rel=\"noopener\">\n\t\t\t\t\t\t\t\t\t\t\t\t\t\t\t\t\t\t\t\t\t\t\t<i aria-hidden=\"true\" class=\"fab fa-linkedin-in\"><\/i>\t\t\t\t\t\t\t\t\t\t\t\t\t\t\t\t\t\t\t\t\t<\/a>\n\t\t\t\t\t\t\t\t\t<\/li>\n\t\t\t\t\t\t\t\t\t\t\t\t\t\t\t\t\t\t\t\t\t<\/ul>\n\t\t\t\t\t\t\t\t\t\t<p class=\"eael-team-text\">Ampla experi\u00eancia em an\u00e1lise e impacto regulat\u00f3rio nas \u00e1reas da transi\u00e7\u00e3o ecol\u00f3gica, industrial e digital. Foi assessora no Parlamento Europeu e no Governo de Espanha e jornalista na Europa Press e na Ag\u00eancia EFE. Jornalista e cientista pol\u00edtica.  <\/p>\n\t\t\t\t\t\t\t<\/div>\n\t\t<\/div>\n\t<\/div>\n\t\t\t\t\t<\/div>\n\t\t\t\t<\/div>\n\t\t\t\t\t<\/div>\n\t\t<\/div>\n\t\t\t\t<div class=\"aux-parallax-section elementor-column elementor-col-20 elementor-top-column elementor-element elementor-element-7c5fd76\" data-id=\"7c5fd76\" data-element_type=\"column\" data-e-type=\"column\">\n\t\t\t<div class=\"elementor-widget-wrap elementor-element-populated\">\n\t\t\t\t\t\t<div class=\"elementor-element elementor-element-8f41fca eael-team-align-default elementor-widget elementor-widget-eael-team-member\" data-id=\"8f41fca\" data-element_type=\"widget\" data-e-type=\"widget\" data-widget_type=\"eael-team-member.default\">\n\t\t\t\t<div class=\"elementor-widget-container\">\n\t\t\t\t\t\n\n\t<div id=\"eael-team-member-8f41fca\" class=\"eael-team-item eael-team-members-overlay \">\n\t\t<div class=\"eael-team-item-inner\">\n\t\t\t<div class=\"eael-team-image\">\n\t\t\t\t<figure>\n\t\t\t\t\t\t\t\t\t\t<img decoding=\"async\" src=\"https:\/\/bebartlet.com\/wp-content\/uploads\/elementor\/thumbs\/Captura-de-pantalla-2026-04-28-a-las-9.27.54-rmnuffay1spx263rfzfrafmqsu7egpcz2cby9iu6zk.png\" alt=\"\">\n\t\t\t\t\t\t\t\t\t<\/figure>\n\t\t\t\t\n\t\t\t\t\n\t\t\t<\/div>\n\n\t\t\t<div class=\"eael-team-content\">\n\t\t\t\t<h2 class=\"eael-team-member-name\">Nuria Arranz<\/h2><h3 class=\"eael-team-member-position\">Coordenadora<\/h3>\n\t\t\t\t\t\t\t\t\t\t\t\t\t\t\t<ul class=\"eael-team-member-social-profiles\">\n\t\t\t\t\t\t\t\t\t\t\t\t\t\t\t\t\t\t\t\t\t\t\t\t\t\t\t\t\t\t\t\t\t\t\t\t\t\t\t\t\t<li class=\"eael-team-member-social-link\">\n\t\t\t\t\t\t\t\t\t\t<a href=\"https:\/\/www.linkedin.com\/in\/nuria-arranz-5b3485b8\/\" target=\"_blank\" rel=\"noopener\">\n\t\t\t\t\t\t\t\t\t\t\t\t\t\t\t\t\t\t\t\t\t\t\t<i aria-hidden=\"true\" class=\"fab fa-linkedin-in\"><\/i>\t\t\t\t\t\t\t\t\t\t\t\t\t\t\t\t\t\t\t\t\t<\/a>\n\t\t\t\t\t\t\t\t\t<\/li>\n\t\t\t\t\t\t\t\t\t\t\t\t\t\t\t\t\t\t\t\t\t<\/ul>\n\t\t\t\t\t\t\t\t\t\t<p class=\"eael-team-text\">Ampla experi\u00eancia em comunica\u00e7\u00e3o institucional. Foi respons\u00e1vel de Comunica\u00e7\u00e3o no Congresso, concebendo e coordenando o trabalho de imprensa. Especialista em campanhas de incid\u00eancia p\u00fablica, cria\u00e7\u00e3o de alian\u00e7as e mobiliza\u00e7\u00e3o social.  <\/p>\n\t\t\t\t\t\t\t<\/div>\n\t\t<\/div>\n\t<\/div>\n\t\t\t\t\t<\/div>\n\t\t\t\t<\/div>\n\t\t\t\t\t<\/div>\n\t\t<\/div>\n\t\t\t\t<div class=\"aux-parallax-section elementor-column elementor-col-20 elementor-top-column elementor-element elementor-element-20c5446\" data-id=\"20c5446\" data-element_type=\"column\" data-e-type=\"column\">\n\t\t\t<div class=\"elementor-widget-wrap elementor-element-populated\">\n\t\t\t\t\t\t<div class=\"elementor-element elementor-element-48f159f eael-team-align-default elementor-widget elementor-widget-eael-team-member\" data-id=\"48f159f\" data-element_type=\"widget\" data-e-type=\"widget\" data-widget_type=\"eael-team-member.default\">\n\t\t\t\t<div class=\"elementor-widget-container\">\n\t\t\t\t\t\n\n\t<div id=\"eael-team-member-48f159f\" class=\"eael-team-item eael-team-members-overlay \">\n\t\t<div class=\"eael-team-item-inner\">\n\t\t\t<div class=\"eael-team-image\">\n\t\t\t\t<figure>\n\t\t\t\t\t\t\t\t\t\t<img decoding=\"async\" src=\"https:\/\/bebartlet.com\/wp-content\/uploads\/2025\/08\/bBT-2025-Beatriz-Perez.webp\" alt=\"Beatriz P\u00e9rez\">\n\t\t\t\t\t\t\t\t\t<\/figure>\n\t\t\t\t\n\t\t\t\t\n\t\t\t<\/div>\n\n\t\t\t<div class=\"eael-team-content\">\n\t\t\t\t<h2 class=\"eael-team-member-name\">Beatriz P\u00e9rez<\/h2><h3 class=\"eael-team-member-position\">Coordenadora<\/h3>\n\t\t\t\t\t\t\t\t\t\t\t\t\t\t\t<ul class=\"eael-team-member-social-profiles\">\n\t\t\t\t\t\t\t\t\t\t\t\t\t\t\t\t\t\t\t\t\t\t\t\t\t\t\t\t\t\t\t\t\t\t\t\t\t\t\t\t\t<li class=\"eael-team-member-social-link\">\n\t\t\t\t\t\t\t\t\t\t<a href=\"https:\/\/www.linkedin.com\/in\/beatriz-perez-mesias\/\" target=\"_blank\" rel=\"noopener\">\n\t\t\t\t\t\t\t\t\t\t\t\t\t\t\t\t\t\t\t\t\t\t\t<i aria-hidden=\"true\" class=\"fab fa-linkedin-in\"><\/i>\t\t\t\t\t\t\t\t\t\t\t\t\t\t\t\t\t\t\t\t\t<\/a>\n\t\t\t\t\t\t\t\t\t<\/li>\n\t\t\t\t\t\t\t\t\t\t\t\t\t\t\t\t\t\t\t\t\t<\/ul>\n\t\t\t\t\t\t\t\t\t\t<p class=\"eael-team-text\">Ampla experi\u00eancia em assuntos p\u00fablicos e comunica\u00e7\u00e3o, executando projetos ligados aos setores da sa\u00fade, social e da educa\u00e7\u00e3o. Considerada uma das vinte mulheres mais influentes do setor e autora de dois livros. Licenciada em Estudos Internacionais e Ci\u00eancia Pol\u00edtica.   <\/p>\n\t\t\t\t\t\t\t<\/div>\n\t\t<\/div>\n\t<\/div>\n\t\t\t\t\t<\/div>\n\t\t\t\t<\/div>\n\t\t\t\t\t<\/div>\n\t\t<\/div>\n\t\t\t\t<div class=\"aux-parallax-section elementor-column elementor-col-20 elementor-top-column elementor-element elementor-element-a3632da\" data-id=\"a3632da\" data-element_type=\"column\" data-e-type=\"column\">\n\t\t\t<div class=\"elementor-widget-wrap elementor-element-populated\">\n\t\t\t\t\t\t<div class=\"elementor-element elementor-element-05ce7aa eael-team-align-default elementor-widget elementor-widget-eael-team-member\" data-id=\"05ce7aa\" data-element_type=\"widget\" data-e-type=\"widget\" data-widget_type=\"eael-team-member.default\">\n\t\t\t\t<div class=\"elementor-widget-container\">\n\t\t\t\t\t\n\n\t<div id=\"eael-team-member-05ce7aa\" class=\"eael-team-item eael-team-members-overlay \">\n\t\t<div class=\"eael-team-item-inner\">\n\t\t\t<div class=\"eael-team-image\">\n\t\t\t\t<figure>\n\t\t\t\t\t\t\t\t\t\t<img decoding=\"async\" src=\"https:\/\/bebartlet.com\/wp-content\/uploads\/2025\/08\/bBT-2025-Oscar-Justo.webp\" alt=\"Oscar Justo\">\n\t\t\t\t\t\t\t\t\t<\/figure>\n\t\t\t\t\n\t\t\t\t\n\t\t\t<\/div>\n\n\t\t\t<div class=\"eael-team-content\">\n\t\t\t\t<h2 class=\"eael-team-member-name\">\u00d3scar Justo<\/h2><h3 class=\"eael-team-member-position\">Coordenador<\/h3>\n\t\t\t\t\t\t\t\t\t\t\t\t\t\t\t<ul class=\"eael-team-member-social-profiles\">\n\t\t\t\t\t\t\t\t\t\t\t\t\t\t\t\t\t\t\t\t\t\t\t\t\t\t\t\t\t\t\t\t\t\t\t\t\t\t\t\t\t<li class=\"eael-team-member-social-link\">\n\t\t\t\t\t\t\t\t\t\t<a href=\"https:\/\/es.linkedin.com\/in\/oscar-justo-blanco-7524b8136\" target=\"_blank\" rel=\"noopener\">\n\t\t\t\t\t\t\t\t\t\t\t\t\t\t\t\t\t\t\t\t\t\t\t<i aria-hidden=\"true\" class=\"fab fa-linkedin-in\"><\/i>\t\t\t\t\t\t\t\t\t\t\t\t\t\t\t\t\t\t\t\t\t<\/a>\n\t\t\t\t\t\t\t\t\t<\/li>\n\t\t\t\t\t\t\t\t\t\t\t\t\t\t\t\t\t\t\t\t\t<\/ul>\n\t\t\t\t\t\t\t\t\t\t<p class=\"eael-team-text\">Foi assessor de comunica\u00e7\u00e3o no Governo de Espanha e produtor digital do Hoy por Hoy, o programa l\u00edder da r\u00e1dio em Espanha. Licenciado em Jornalismo e mestre em Uni\u00e3o Europeia e Mediterr\u00e2neo. <\/p>\n\t\t\t\t\t\t\t<\/div>\n\t\t<\/div>\n\t<\/div>\n\t\t\t\t\t<\/div>\n\t\t\t\t<\/div>\n\t\t\t\t\t<\/div>\n\t\t<\/div>\n\t\t\t\t<div class=\"aux-parallax-section elementor-column elementor-col-20 elementor-top-column elementor-element elementor-element-0d4bb2c\" data-id=\"0d4bb2c\" data-element_type=\"column\" data-e-type=\"column\">\n\t\t\t<div class=\"elementor-widget-wrap elementor-element-populated\">\n\t\t\t\t\t\t<div class=\"elementor-element elementor-element-5b56a384 eael-team-align-default elementor-widget elementor-widget-eael-team-member\" data-id=\"5b56a384\" data-element_type=\"widget\" data-e-type=\"widget\" data-widget_type=\"eael-team-member.default\">\n\t\t\t\t<div class=\"elementor-widget-container\">\n\t\t\t\t\t\n\n\t<div id=\"eael-team-member-5b56a384\" class=\"eael-team-item eael-team-members-overlay \">\n\t\t<div class=\"eael-team-item-inner\">\n\t\t\t<div class=\"eael-team-image\">\n\t\t\t\t<figure>\n\t\t\t\t\t\t\t\t\t\t<img decoding=\"async\" src=\"https:\/\/bebartlet.com\/wp-content\/uploads\/elementor\/thumbs\/Captura-de-pantalla-2026-05-07-a-las-11.36.10-1-rn3o17b4o7l0x0bg3pwqfvevb3u3uvvl0ipv4iptr4.png\" alt=\"\">\n\t\t\t\t\t\t\t\t\t<\/figure>\n\t\t\t\t\n\t\t\t\t\n\t\t\t<\/div>\n\n\t\t\t<div class=\"eael-team-content\">\n\t\t\t\t<h2 class=\"eael-team-member-name\">Andre\u00edna Gonz\u00e1lez<\/h2><h3 class=\"eael-team-member-position\">Coordenadora<\/h3>\n\t\t\t\t\t\t\t\t\t\t\t\t\t\t\t<ul class=\"eael-team-member-social-profiles\">\n\t\t\t\t\t\t\t\t\t\t\t\t\t\t\t\t\t\t\t\t\t\t\t\t\t\t\t\t\t\t\t\t\t\t\t\t\t\t\t\t\t<li class=\"eael-team-member-social-link\">\n\t\t\t\t\t\t\t\t\t\t<a href=\"https:\/\/www.linkedin.com\/in\/andreina-gonzalez\/\" target=\"_blank\" rel=\"noopener\">\n\t\t\t\t\t\t\t\t\t\t\t\t\t\t\t\t\t\t\t\t\t\t\t<i aria-hidden=\"true\" class=\"fab fa-linkedin-in\"><\/i>\t\t\t\t\t\t\t\t\t\t\t\t\t\t\t\t\t\t\t\t\t<\/a>\n\t\t\t\t\t\t\t\t\t<\/li>\n\t\t\t\t\t\t\t\t\t\t\t\t\t\t\t\t\t\t\t\t\t<\/ul>\n\t\t\t\t\t\t\t\t\t\t<p class=\"eael-team-text\">Conta com uma vasta experi\u00eancia em incid\u00eancia p\u00fablica nas \u00e1reas da ci\u00eancia e da sa\u00fade. Foi investigadora econ\u00f3mica e trabalhou como consultora para o Terceiro Setor e para ag\u00eancias internacionais. Licenciada em Rela\u00e7\u00f5es Internacionais e mestre em Desenvolvimento Econ\u00f3mico e Pol\u00edticas P\u00fablicas.  <\/p>\n\t\t\t\t\t\t\t<\/div>\n\t\t<\/div>\n\t<\/div>\n\t\t\t\t\t<\/div>\n\t\t\t\t<\/div>\n\t\t\t\t\t<\/div>\n\t\t<\/div>\n\t\t\t\t\t<\/div>\n\t\t<\/section>\n\t\t\t\t<section class=\"elementor-section elementor-top-section elementor-element elementor-element-4a2cad7b elementor-section-boxed elementor-section-height-default elementor-section-height-default\" data-id=\"4a2cad7b\" data-element_type=\"section\" data-e-type=\"section\">\n\t\t\t\t\t\t<div class=\"elementor-container elementor-column-gap-no\">\n\t\t\t\t\t<div class=\"aux-parallax-section elementor-column elementor-col-20 elementor-top-column elementor-element elementor-element-7bb739b9\" data-id=\"7bb739b9\" data-element_type=\"column\" data-e-type=\"column\">\n\t\t\t<div class=\"elementor-widget-wrap elementor-element-populated\">\n\t\t\t\t\t\t<div class=\"elementor-element elementor-element-7278a090 eael-team-align-default elementor-widget elementor-widget-eael-team-member\" data-id=\"7278a090\" data-element_type=\"widget\" data-e-type=\"widget\" data-widget_type=\"eael-team-member.default\">\n\t\t\t\t<div class=\"elementor-widget-container\">\n\t\t\t\t\t\n\n\t<div id=\"eael-team-member-7278a090\" class=\"eael-team-item eael-team-members-overlay \">\n\t\t<div class=\"eael-team-item-inner\">\n\t\t\t<div class=\"eael-team-image\">\n\t\t\t\t<figure>\n\t\t\t\t\t\t\t\t\t\t<img decoding=\"async\" src=\"https:\/\/bebartlet.com\/wp-content\/uploads\/2025\/08\/bBT-2025-Marta-Urgelles.webp\" alt=\"Marta Urgell\u00e9s\">\n\t\t\t\t\t\t\t\t\t<\/figure>\n\t\t\t\t\n\t\t\t\t\n\t\t\t<\/div>\n\n\t\t\t<div class=\"eael-team-content\">\n\t\t\t\t<h2 class=\"eael-team-member-name\">Marta Urgell\u00e9s<\/h2><h3 class=\"eael-team-member-position\">Consultora<\/h3>\n\t\t\t\t\t\t\t\t\t\t\t\t\t\t\t<ul class=\"eael-team-member-social-profiles\">\n\t\t\t\t\t\t\t\t\t\t\t\t\t\t\t\t\t\t\t\t\t\t\t\t\t\t\t\t\t\t\t\t\t\t\t\t\t\t\t\t\t<li class=\"eael-team-member-social-link\">\n\t\t\t\t\t\t\t\t\t\t<a href=\"https:\/\/es.linkedin.com\/in\/marta-urgell%C3%A9s-gil-de-sola-55688a226\" target=\"_blank\" rel=\"noopener\">\n\t\t\t\t\t\t\t\t\t\t\t\t\t\t\t\t\t\t\t\t\t\t\t<i aria-hidden=\"true\" class=\"fab fa-linkedin-in\"><\/i>\t\t\t\t\t\t\t\t\t\t\t\t\t\t\t\t\t\t\t\t\t<\/a>\n\t\t\t\t\t\t\t\t\t<\/li>\n\t\t\t\t\t\t\t\t\t\t\t\t\t\t\t\t\t\t\t\t\t<\/ul>\n\t\t\t\t\t\t\t\t\t\t<p class=\"eael-team-text\">Especializada na conce\u00e7\u00e3o e execu\u00e7\u00e3o de planos de incid\u00eancia p\u00fablica para empresas dos setores da energia, da mobilidade e das finan\u00e7as e para entidades do terceiro setor, bem como em estrat\u00e9gias de desenvolvimento corporativo. Com experi\u00eancia em funda\u00e7\u00f5es e organiza\u00e7\u00f5es pol\u00edtico-sociais. Cientista pol\u00edtica.  <\/p>\n\t\t\t\t\t\t\t<\/div>\n\t\t<\/div>\n\t<\/div>\n\t\t\t\t\t<\/div>\n\t\t\t\t<\/div>\n\t\t\t\t\t<\/div>\n\t\t<\/div>\n\t\t\t\t<div class=\"aux-parallax-section elementor-column elementor-col-20 elementor-top-column elementor-element elementor-element-532501bb\" data-id=\"532501bb\" data-element_type=\"column\" data-e-type=\"column\">\n\t\t\t<div class=\"elementor-widget-wrap elementor-element-populated\">\n\t\t\t\t\t\t<div class=\"elementor-element elementor-element-716fd432 eael-team-align-default elementor-widget elementor-widget-eael-team-member\" data-id=\"716fd432\" data-element_type=\"widget\" data-e-type=\"widget\" data-widget_type=\"eael-team-member.default\">\n\t\t\t\t<div class=\"elementor-widget-container\">\n\t\t\t\t\t\n\n\t<div id=\"eael-team-member-716fd432\" class=\"eael-team-item eael-team-members-overlay \">\n\t\t<div class=\"eael-team-item-inner\">\n\t\t\t<div class=\"eael-team-image\">\n\t\t\t\t<figure>\n\t\t\t\t\t\t\t\t\t\t<img decoding=\"async\" src=\"https:\/\/bebartlet.com\/wp-content\/uploads\/2025\/08\/bBT-2025-Leire-Martin.webp\" alt=\"Leire Mart\u00edn\">\n\t\t\t\t\t\t\t\t\t<\/figure>\n\t\t\t\t\n\t\t\t\t\n\t\t\t<\/div>\n\n\t\t\t<div class=\"eael-team-content\">\n\t\t\t\t<h2 class=\"eael-team-member-name\">Leire Mart\u00edn<\/h2><h3 class=\"eael-team-member-position\">Consultora<\/h3>\n\t\t\t\t\t\t\t\t\t\t\t\t\t\t\t<ul class=\"eael-team-member-social-profiles\">\n\t\t\t\t\t\t\t\t\t\t\t\t\t\t\t\t\t\t\t\t\t\t\t\t\t\t\t\t\t\t\t\t\t\t\t\t\t\t\t\t\t<li class=\"eael-team-member-social-link\">\n\t\t\t\t\t\t\t\t\t\t<a href=\"https:\/\/www.linkedin.com\/in\/martinleire\/\" target=\"_blank\" rel=\"noopener\">\n\t\t\t\t\t\t\t\t\t\t\t\t\t\t\t\t\t\t\t\t\t\t\t<i aria-hidden=\"true\" class=\"fab fa-linkedin-in\"><\/i>\t\t\t\t\t\t\t\t\t\t\t\t\t\t\t\t\t\t\t\t\t<\/a>\n\t\t\t\t\t\t\t\t\t<\/li>\n\t\t\t\t\t\t\t\t\t\t\t\t\t\t\t\t\t\t\t\t\t<\/ul>\n\t\t\t\t\t\t\t\t\t\t<p class=\"eael-team-text\">Ampla experi\u00eancia e especializa\u00e7\u00e3o na an\u00e1lise do mercado energ\u00e9tico e na conce\u00e7\u00e3o e desenvolvimento de estrat\u00e9gias de posicionamento p\u00fablico e de licen\u00e7a social para algumas das principais empresas do setor energ\u00e9tico. Licenciada em Rela\u00e7\u00f5es Internacionais. <\/p>\n\t\t\t\t\t\t\t<\/div>\n\t\t<\/div>\n\t<\/div>\n\t\t\t\t\t<\/div>\n\t\t\t\t<\/div>\n\t\t\t\t\t<\/div>\n\t\t<\/div>\n\t\t\t\t<div class=\"aux-parallax-section elementor-column elementor-col-20 elementor-top-column elementor-element elementor-element-5f289ad6\" data-id=\"5f289ad6\" data-element_type=\"column\" data-e-type=\"column\">\n\t\t\t<div class=\"elementor-widget-wrap elementor-element-populated\">\n\t\t\t\t\t\t<div class=\"elementor-element elementor-element-dee282a eael-team-align-default elementor-widget elementor-widget-eael-team-member\" data-id=\"dee282a\" data-element_type=\"widget\" data-e-type=\"widget\" data-widget_type=\"eael-team-member.default\">\n\t\t\t\t<div class=\"elementor-widget-container\">\n\t\t\t\t\t\n\n\t<div id=\"eael-team-member-dee282a\" class=\"eael-team-item eael-team-members-overlay \">\n\t\t<div class=\"eael-team-item-inner\">\n\t\t\t<div class=\"eael-team-image\">\n\t\t\t\t<figure>\n\t\t\t\t\t\t\t\t\t\t<img decoding=\"async\" src=\"https:\/\/bebartlet.com\/wp-content\/uploads\/2025\/08\/bBT-2025-Andres-Morales.webp\" alt=\"Andres Morales\">\n\t\t\t\t\t\t\t\t\t<\/figure>\n\t\t\t\t\n\t\t\t\t\n\t\t\t<\/div>\n\n\t\t\t<div class=\"eael-team-content\">\n\t\t\t\t<h2 class=\"eael-team-member-name\">Andr\u00e9s Morales<\/h2><h3 class=\"eael-team-member-position\">Consultor<\/h3>\n\t\t\t\t\t\t\t\t\t\t\t\t\t\t\t<ul class=\"eael-team-member-social-profiles\">\n\t\t\t\t\t\t\t\t\t\t\t\t\t\t\t\t\t\t\t\t\t\t\t\t\t\t\t\t\t\t\t\t\t\t\t\t\t\t\t\t\t<li class=\"eael-team-member-social-link\">\n\t\t\t\t\t\t\t\t\t\t<a href=\"https:\/\/www.linkedin.com\/in\/andresmgz?miniProfileUrn=urn%3Ali%3Afs_miniProfile%3AACoAAD05HIoBpb7gaJEFFXnvcFmJgiJfTLG86Rw&#038;lipi=urn%3Ali%3Apage%3Ad_flagship3_search_srp_all%3BcT0PZVJFQhGqMNUfjkZMgg%3D%3D\" target=\"_blank\" rel=\"noopener\">\n\t\t\t\t\t\t\t\t\t\t\t\t\t\t\t\t\t\t\t\t\t\t\t<i aria-hidden=\"true\" class=\"fab fa-linkedin-in\"><\/i>\t\t\t\t\t\t\t\t\t\t\t\t\t\t\t\t\t\t\t\t\t<\/a>\n\t\t\t\t\t\t\t\t\t<\/li>\n\t\t\t\t\t\t\t\t\t\t\t\t\t\t\t\t\t\t\t\t\t<\/ul>\n\t\t\t\t\t\t\t\t\t\t<p class=\"eael-team-text\">Conta com uma vasta experi\u00eancia em comunica\u00e7\u00e3o corporativa e no desenvolvimento de planos de incid\u00eancia regulat\u00f3ria para empresas dos setores da mobilidade, da energia e das finan\u00e7as verdes. Licenciado em Direito e Ci\u00eancia Pol\u00edtica pela Universidad Carlos III de Madrid, onde integrou a dire\u00e7\u00e3o da associa\u00e7\u00e3o pol\u00edtico-social Demos. <\/p>\n\t\t\t\t\t\t\t<\/div>\n\t\t<\/div>\n\t<\/div>\n\t\t\t\t\t<\/div>\n\t\t\t\t<\/div>\n\t\t\t\t\t<\/div>\n\t\t<\/div>\n\t\t\t\t<div class=\"aux-parallax-section elementor-column elementor-col-20 elementor-top-column elementor-element elementor-element-15832b19\" data-id=\"15832b19\" data-element_type=\"column\" data-e-type=\"column\">\n\t\t\t<div class=\"elementor-widget-wrap elementor-element-populated\">\n\t\t\t\t\t\t<div class=\"elementor-element elementor-element-6766e4e8 eael-team-align-default elementor-widget elementor-widget-eael-team-member\" data-id=\"6766e4e8\" data-element_type=\"widget\" data-e-type=\"widget\" data-widget_type=\"eael-team-member.default\">\n\t\t\t\t<div class=\"elementor-widget-container\">\n\t\t\t\t\t\n\n\t<div id=\"eael-team-member-6766e4e8\" class=\"eael-team-item eael-team-members-overlay \">\n\t\t<div class=\"eael-team-item-inner\">\n\t\t\t<div class=\"eael-team-image\">\n\t\t\t\t<figure>\n\t\t\t\t\t\t\t\t\t\t<img decoding=\"async\" src=\"https:\/\/bebartlet.com\/wp-content\/uploads\/2025\/08\/bBT-2025-Marta-de-Renteria.webp\" alt=\"Marta de Renter\u00eda\">\n\t\t\t\t\t\t\t\t\t<\/figure>\n\t\t\t\t\n\t\t\t\t\n\t\t\t<\/div>\n\n\t\t\t<div class=\"eael-team-content\">\n\t\t\t\t<h2 class=\"eael-team-member-name\">Marta de Renter\u00eda<\/h2><h3 class=\"eael-team-member-position\">Consultora<\/h3>\n\t\t\t\t\t\t\t\t\t\t\t\t\t\t\t<ul class=\"eael-team-member-social-profiles\">\n\t\t\t\t\t\t\t\t\t\t\t\t\t\t\t\t\t\t\t\t\t\t\t\t\t\t\t\t\t\t\t\t\t\t\t\t\t\t\t\t\t<li class=\"eael-team-member-social-link\">\n\t\t\t\t\t\t\t\t\t\t<a href=\"https:\/\/www.linkedin.com\/in\/marta-de-renter\u00eda-de-la-pe\u00f1a-6b32b0269\/\" target=\"_blank\" rel=\"noopener\">\n\t\t\t\t\t\t\t\t\t\t\t\t\t\t\t\t\t\t\t\t\t\t\t<i aria-hidden=\"true\" class=\"fab fa-linkedin-in\"><\/i>\t\t\t\t\t\t\t\t\t\t\t\t\t\t\t\t\t\t\t\t\t<\/a>\n\t\t\t\t\t\t\t\t\t<\/li>\n\t\t\t\t\t\t\t\t\t\t\t\t\t\t\t\t\t\t\t\t\t<\/ul>\n\t\t\t\t\t\t\t\t\t\t<p class=\"eael-team-text\">Com experi\u00eancia anterior em consultoria estrat\u00e9gica, trabalhou com clientes de setores como a tecnologia, a mobilidade e o retalho. Lidera programas de licen\u00e7a social no setor tecnol\u00f3gico. Jornalista e historiadora, com mestrado em Comunica\u00e7\u00e3o Corporativa Integral.  <\/p>\n\t\t\t\t\t\t\t<\/div>\n\t\t<\/div>\n\t<\/div>\n\t\t\t\t\t<\/div>\n\t\t\t\t<\/div>\n\t\t\t\t\t<\/div>\n\t\t<\/div>\n\t\t\t\t<div class=\"aux-parallax-section elementor-column elementor-col-20 elementor-top-column elementor-element elementor-element-6f28561\" data-id=\"6f28561\" data-element_type=\"column\" data-e-type=\"column\">\n\t\t\t<div class=\"elementor-widget-wrap elementor-element-populated\">\n\t\t\t\t\t\t<div class=\"elementor-element elementor-element-38e01d0 eael-team-align-default elementor-widget elementor-widget-eael-team-member\" data-id=\"38e01d0\" data-element_type=\"widget\" data-e-type=\"widget\" data-widget_type=\"eael-team-member.default\">\n\t\t\t\t<div class=\"elementor-widget-container\">\n\t\t\t\t\t\n\n\t<div id=\"eael-team-member-38e01d0\" class=\"eael-team-item eael-team-members-overlay \">\n\t\t<div class=\"eael-team-item-inner\">\n\t\t\t<div class=\"eael-team-image\">\n\t\t\t\t<figure>\n\t\t\t\t\t\t\t\t\t\t<img decoding=\"async\" src=\"https:\/\/bebartlet.com\/wp-content\/uploads\/elementor\/thumbs\/Captura-de-pantalla-2026-04-27-a-las-12.19.45-rmmb8mtudeyay211wol8hal0s4ufo8xrkn1rleo8v4.png\" alt=\"\">\n\t\t\t\t\t\t\t\t\t<\/figure>\n\t\t\t\t\n\t\t\t\t\n\t\t\t<\/div>\n\n\t\t\t<div class=\"eael-team-content\">\n\t\t\t\t<h2 class=\"eael-team-member-name\">Salvador Furtado<\/h2><h3 class=\"eael-team-member-position\">Consultor<\/h3>\n\t\t\t\t\t\t\t\t\t\t\t\t\t\t\t<ul class=\"eael-team-member-social-profiles\">\n\t\t\t\t\t\t\t\t\t\t\t\t\t\t\t\t\t\t\t\t\t\t\t\t\t\t\t\t\t\t\t\t\t\t\t\t\t\t\t\t\t<li class=\"eael-team-member-social-link\">\n\t\t\t\t\t\t\t\t\t\t<a href=\"https:\/\/www.linkedin.com\/in\/salvador-furtado-a2176815a\/\" target=\"_blank\" rel=\"noopener\">\n\t\t\t\t\t\t\t\t\t\t\t\t\t\t\t\t\t\t\t\t\t\t\t<i aria-hidden=\"true\" class=\"fab fa-linkedin-in\"><\/i>\t\t\t\t\t\t\t\t\t\t\t\t\t\t\t\t\t\t\t\t\t<\/a>\n\t\t\t\t\t\t\t\t\t<\/li>\n\t\t\t\t\t\t\t\t\t\t\t\t\t\t\t\t\t\t\t\t\t<\/ul>\n\t\t\t\t\t\t\t\t\t\t<p class=\"eael-team-text\">Licenciado em Hist\u00f3ria, com uma p\u00f3s-gradua\u00e7\u00e3o em Gest\u00e3o e um mestrado em Economia e Pol\u00edticas P\u00fablicas. Tem experi\u00eancia na \u00e1rea da estrat\u00e9gia corporativa, com especializa\u00e7\u00e3o em an\u00e1lise e desenvolvimento de neg\u00f3cio. \u00c9 tamb\u00e9m autor de uma obra de fic\u00e7\u00e3o. <\/p>\n\t\t\t\t\t\t\t<\/div>\n\t\t<\/div>\n\t<\/div>\n\t\t\t\t\t<\/div>\n\t\t\t\t<\/div>\n\t\t\t\t\t<\/div>\n\t\t<\/div>\n\t\t\t\t\t<\/div>\n\t\t<\/section>\n\t\t\t\t<section class=\"elementor-section elementor-top-section elementor-element elementor-element-7ea20e80 elementor-section-boxed elementor-section-height-default elementor-section-height-default\" data-id=\"7ea20e80\" data-element_type=\"section\" data-e-type=\"section\">\n\t\t\t\t\t\t<div class=\"elementor-container elementor-column-gap-no\">\n\t\t\t\t\t<div class=\"aux-parallax-section elementor-column elementor-col-20 elementor-top-column elementor-element elementor-element-42442e8\" data-id=\"42442e8\" data-element_type=\"column\" data-e-type=\"column\">\n\t\t\t<div class=\"elementor-widget-wrap elementor-element-populated\">\n\t\t\t\t\t\t<div class=\"elementor-element elementor-element-2405894e eael-team-align-default elementor-widget elementor-widget-eael-team-member\" data-id=\"2405894e\" data-element_type=\"widget\" data-e-type=\"widget\" data-widget_type=\"eael-team-member.default\">\n\t\t\t\t<div class=\"elementor-widget-container\">\n\t\t\t\t\t\n\n\t<div id=\"eael-team-member-2405894e\" class=\"eael-team-item eael-team-members-overlay \">\n\t\t<div class=\"eael-team-item-inner\">\n\t\t\t<div class=\"eael-team-image\">\n\t\t\t\t<figure>\n\t\t\t\t\t\t\t\t\t\t<img decoding=\"async\" src=\"https:\/\/bebartlet.com\/wp-content\/uploads\/2025\/08\/bBT-2025-Bernat-Lleixa.png\" alt=\"Bernat Lleix\u00e0\">\n\t\t\t\t\t\t\t\t\t<\/figure>\n\t\t\t\t\n\t\t\t\t\n\t\t\t<\/div>\n\n\t\t\t<div class=\"eael-team-content\">\n\t\t\t\t<h2 class=\"eael-team-member-name\">Bernat Lleix\u00e0<\/h2><h3 class=\"eael-team-member-position\">Consultor<\/h3>\n\t\t\t\t\t\t\t\t\t\t\t\t\t\t\t<ul class=\"eael-team-member-social-profiles\">\n\t\t\t\t\t\t\t\t\t\t\t\t\t\t\t\t\t\t\t\t\t\t\t\t\t\t\t\t\t\t\t\t\t\t\t\t\t\t\t\t\t<li class=\"eael-team-member-social-link\">\n\t\t\t\t\t\t\t\t\t\t<a href=\"https:\/\/www.linkedin.com\/in\/bernat-lleix%C3%A0-i-bergel-246b82171\/?originalSubdomain=es\" target=\"_blank\" rel=\"noopener\">\n\t\t\t\t\t\t\t\t\t\t\t\t\t\t\t\t\t\t\t\t\t\t\t<i aria-hidden=\"true\" class=\"fab fa-linkedin-in\"><\/i>\t\t\t\t\t\t\t\t\t\t\t\t\t\t\t\t\t\t\t\t\t<\/a>\n\t\t\t\t\t\t\t\t\t<\/li>\n\t\t\t\t\t\t\t\t\t\t\t\t\t\t\t\t\t\t\t\t\t<\/ul>\n\t\t\t\t\t\t\t\t\t\t<p class=\"eael-team-text\">Ampla experi\u00eancia no setor dos assuntos p\u00fablicos, tendo trabalhado em diversos setores, como o agroalimentar, o tecnol\u00f3gico, o autom\u00f3vel, o log\u00edstico, o retalho e o farmac\u00eautico. Licenciado em Filosofia, Pol\u00edtica e Economia pela Universitat Pompeu Fabra, onde presidiu \u00e0 associa\u00e7\u00e3o deba-t.org. <\/p>\n\t\t\t\t\t\t\t<\/div>\n\t\t<\/div>\n\t<\/div>\n\t\t\t\t\t<\/div>\n\t\t\t\t<\/div>\n\t\t\t\t\t<\/div>\n\t\t<\/div>\n\t\t\t\t<div class=\"aux-parallax-section elementor-column elementor-col-20 elementor-top-column elementor-element elementor-element-279f1079\" data-id=\"279f1079\" data-element_type=\"column\" data-e-type=\"column\">\n\t\t\t<div class=\"elementor-widget-wrap elementor-element-populated\">\n\t\t\t\t\t\t<div class=\"elementor-element elementor-element-259471a8 eael-team-align-default elementor-widget elementor-widget-eael-team-member\" data-id=\"259471a8\" data-element_type=\"widget\" data-e-type=\"widget\" data-widget_type=\"eael-team-member.default\">\n\t\t\t\t<div class=\"elementor-widget-container\">\n\t\t\t\t\t\n\n\t<div id=\"eael-team-member-259471a8\" class=\"eael-team-item eael-team-members-overlay \">\n\t\t<div class=\"eael-team-item-inner\">\n\t\t\t<div class=\"eael-team-image\">\n\t\t\t\t<figure>\n\t\t\t\t\t\t\t\t\t\t<img decoding=\"async\" src=\"https:\/\/bebartlet.com\/wp-content\/uploads\/elementor\/thumbs\/Captura-de-pantalla-2026-04-29-a-las-11.07.23-rmppf6l7lo8g7kw3gza3ec2tcwyhasvebfozx8wfz4.png\" alt=\"\">\n\t\t\t\t\t\t\t\t\t<\/figure>\n\t\t\t\t\n\t\t\t\t\n\t\t\t<\/div>\n\n\t\t\t<div class=\"eael-team-content\">\n\t\t\t\t<h2 class=\"eael-team-member-name\">Carmen Irago<\/h2><h3 class=\"eael-team-member-position\">Consultora<\/h3>\n\t\t\t\t\t\t\t\t\t\t\t\t\t\t\t<ul class=\"eael-team-member-social-profiles\">\n\t\t\t\t\t\t\t\t\t\t\t\t\t\t\t\t\t\t\t\t\t\t\t\t\t\t\t\t\t\t\t\t\t\t\t\t\t\t\t\t\t<li class=\"eael-team-member-social-link\">\n\t\t\t\t\t\t\t\t\t\t<a href=\"https:\/\/www.linkedin.com\/in\/carmen-irago-lourido-305618223\/\" target=\"_blank\" rel=\"noopener\">\n\t\t\t\t\t\t\t\t\t\t\t\t\t\t\t\t\t\t\t\t\t\t\t<i aria-hidden=\"true\" class=\"fab fa-linkedin-in\"><\/i>\t\t\t\t\t\t\t\t\t\t\t\t\t\t\t\t\t\t\t\t\t<\/a>\n\t\t\t\t\t\t\t\t\t<\/li>\n\t\t\t\t\t\t\t\t\t\t\t\t\t\t\t\t\t\t\t\t\t<\/ul>\n\t\t\t\t\t\t\t\t\t\t<p class=\"eael-team-text\">Com uma vasta experi\u00eancia em projetos de consultoria para a administra\u00e7\u00e3o p\u00fablica, organismos europeus e organiza\u00e7\u00f5es internacionais como a ONU Mulheres, o BID e o PNUD. Atualmente, concebe e executa estrat\u00e9gias de incid\u00eancia p\u00fablica destinadas a melhorar as pol\u00edticas de sa\u00fade. Licenciada em Sociologia e Rela\u00e7\u00f5es Internacionais.  <\/p>\n\t\t\t\t\t\t\t<\/div>\n\t\t<\/div>\n\t<\/div>\n\t\t\t\t\t<\/div>\n\t\t\t\t<\/div>\n\t\t\t\t\t<\/div>\n\t\t<\/div>\n\t\t\t\t<div class=\"aux-parallax-section elementor-column elementor-col-20 elementor-top-column elementor-element elementor-element-eff8f2c\" data-id=\"eff8f2c\" data-element_type=\"column\" data-e-type=\"column\">\n\t\t\t<div class=\"elementor-widget-wrap elementor-element-populated\">\n\t\t\t\t\t\t<div class=\"elementor-element elementor-element-422ac659 eael-team-align-default elementor-widget elementor-widget-eael-team-member\" data-id=\"422ac659\" data-element_type=\"widget\" data-e-type=\"widget\" data-widget_type=\"eael-team-member.default\">\n\t\t\t\t<div class=\"elementor-widget-container\">\n\t\t\t\t\t\n\n\t<div id=\"eael-team-member-422ac659\" class=\"eael-team-item eael-team-members-overlay \">\n\t\t<div class=\"eael-team-item-inner\">\n\t\t\t<div class=\"eael-team-image\">\n\t\t\t\t<figure>\n\t\t\t\t\t\t\t\t\t\t<img decoding=\"async\" src=\"https:\/\/bebartlet.com\/wp-content\/uploads\/2025\/08\/bBT-2025-Mauro-Ferrandiz.webp\" alt=\"Mauro Ferrandiz\">\n\t\t\t\t\t\t\t\t\t<\/figure>\n\t\t\t\t\n\t\t\t\t\n\t\t\t<\/div>\n\n\t\t\t<div class=\"eael-team-content\">\n\t\t\t\t<h2 class=\"eael-team-member-name\">Mauro Ferrandiz<\/h2><h3 class=\"eael-team-member-position\">Consultor<\/h3>\n\t\t\t\t\t\t\t\t\t\t\t\t\t\t\t<ul class=\"eael-team-member-social-profiles\">\n\t\t\t\t\t\t\t\t\t\t\t\t\t\t\t\t\t\t\t\t\t\t\t\t\t\t\t\t\t\t\t\t\t\t\t\t\t\t\t\t\t<li class=\"eael-team-member-social-link\">\n\t\t\t\t\t\t\t\t\t\t<a href=\"https:\/\/www.linkedin.com\/in\/maurogferrandiz\/\" target=\"_blank\" rel=\"noopener\">\n\t\t\t\t\t\t\t\t\t\t\t\t\t\t\t\t\t\t\t\t\t\t\t<i aria-hidden=\"true\" class=\"fab fa-linkedin-in\"><\/i>\t\t\t\t\t\t\t\t\t\t\t\t\t\t\t\t\t\t\t\t\t<\/a>\n\t\t\t\t\t\t\t\t\t<\/li>\n\t\t\t\t\t\t\t\t\t\t\t\t\t\t\t\t\t\t\t\t\t<\/ul>\n\t\t\t\t\t\t\t\t\t\t<p class=\"eael-team-text\">Especializado em an\u00e1lise e intelig\u00eancia estrat\u00e9gica para o desenvolvimento de planos de incid\u00eancia p\u00fablica na \u00e1rea da transi\u00e7\u00e3o energ\u00e9tica. Colabora com meios de comunica\u00e7\u00e3o como analista de atualidade geopol\u00edtica e energ\u00e9tica. Licenciado em Rela\u00e7\u00f5es Internacionais.  <\/p>\n\t\t\t\t\t\t\t<\/div>\n\t\t<\/div>\n\t<\/div>\n\t\t\t\t\t<\/div>\n\t\t\t\t<\/div>\n\t\t\t\t\t<\/div>\n\t\t<\/div>\n\t\t\t\t<div class=\"aux-parallax-section elementor-column elementor-col-20 elementor-top-column elementor-element elementor-element-5e4211f8\" data-id=\"5e4211f8\" data-element_type=\"column\" data-e-type=\"column\">\n\t\t\t<div class=\"elementor-widget-wrap elementor-element-populated\">\n\t\t\t\t\t\t<div class=\"elementor-element elementor-element-11443fe eael-team-align-default elementor-widget elementor-widget-eael-team-member\" data-id=\"11443fe\" data-element_type=\"widget\" data-e-type=\"widget\" data-widget_type=\"eael-team-member.default\">\n\t\t\t\t<div class=\"elementor-widget-container\">\n\t\t\t\t\t\n\n\t<div id=\"eael-team-member-11443fe\" class=\"eael-team-item eael-team-members-overlay \">\n\t\t<div class=\"eael-team-item-inner\">\n\t\t\t<div class=\"eael-team-image\">\n\t\t\t\t<figure>\n\t\t\t\t\t\t\t\t\t\t<img decoding=\"async\" src=\"https:\/\/bebartlet.com\/wp-content\/uploads\/elementor\/thumbs\/Captura-de-pantalla-2026-04-27-a-las-10.22.05-2-rmm6s6rlshbb6933stusda5ifdnws6z76i71k2kgyo.png\" alt=\"\">\n\t\t\t\t\t\t\t\t\t<\/figure>\n\t\t\t\t\n\t\t\t\t\n\t\t\t<\/div>\n\n\t\t\t<div class=\"eael-team-content\">\n\t\t\t\t<h2 class=\"eael-team-member-name\">Carlota Serra<\/h2><h3 class=\"eael-team-member-position\">Consultora<\/h3>\n\t\t\t\t\t\t\t\t\t\t\t\t\t\t\t<ul class=\"eael-team-member-social-profiles\">\n\t\t\t\t\t\t\t\t\t\t\t\t\t\t\t\t\t\t\t\t\t\t\t\t\t\t\t\t\t\t\t\t\t\t\t\t\t\t\t\t\t<li class=\"eael-team-member-social-link\">\n\t\t\t\t\t\t\t\t\t\t<a href=\"https:\/\/www.linkedin.com\/in\/carlota-serra-llagostera-464383140\/\" target=\"_blank\" rel=\"noopener\">\n\t\t\t\t\t\t\t\t\t\t\t\t\t\t\t\t\t\t\t\t\t\t\t<i aria-hidden=\"true\" class=\"fab fa-linkedin-in\"><\/i>\t\t\t\t\t\t\t\t\t\t\t\t\t\t\t\t\t\t\t\t\t<\/a>\n\t\t\t\t\t\t\t\t\t<\/li>\n\t\t\t\t\t\t\t\t\t\t\t\t\t\t\t\t\t\t\t\t\t<\/ul>\n\t\t\t\t\t\t\t\t\t\t<p class=\"eael-team-text\">Conta com uma d\u00e9cada de experi\u00eancia em jornalismo econ\u00f3mico, tanto na imprensa escrita como na televis\u00e3o, abordando temas da atualidade dos setores financeiro, empresarial e econ\u00f3mico catal\u00e3o. Licenciada em Jornalismo e Economia pela UPF. <\/p>\n\t\t\t\t\t\t\t<\/div>\n\t\t<\/div>\n\t<\/div>\n\t\t\t\t\t<\/div>\n\t\t\t\t<\/div>\n\t\t\t\t\t<\/div>\n\t\t<\/div>\n\t\t\t\t<div class=\"aux-parallax-section elementor-column elementor-col-20 elementor-top-column elementor-element elementor-element-64c832b6\" data-id=\"64c832b6\" data-element_type=\"column\" data-e-type=\"column\">\n\t\t\t<div class=\"elementor-widget-wrap elementor-element-populated\">\n\t\t\t\t\t\t<div class=\"elementor-element elementor-element-ee2d6d7 eael-team-align-default elementor-widget elementor-widget-eael-team-member\" data-id=\"ee2d6d7\" data-element_type=\"widget\" data-e-type=\"widget\" data-widget_type=\"eael-team-member.default\">\n\t\t\t\t<div class=\"elementor-widget-container\">\n\t\t\t\t\t\n\n\t<div id=\"eael-team-member-ee2d6d7\" class=\"eael-team-item eael-team-members-overlay \">\n\t\t<div class=\"eael-team-item-inner\">\n\t\t\t<div class=\"eael-team-image\">\n\t\t\t\t<figure>\n\t\t\t\t\t\t\t\t\t\t<img decoding=\"async\" src=\"https:\/\/bebartlet.com\/wp-content\/uploads\/elementor\/thumbs\/Captura-de-pantalla-2026-04-27-a-las-11.09.47-rmm86yzp18u0ftbi9a45kyt1ttctnhl4hv2fz99qsg.png\" alt=\"\">\n\t\t\t\t\t\t\t\t\t<\/figure>\n\t\t\t\t\n\t\t\t\t\n\t\t\t<\/div>\n\n\t\t\t<div class=\"eael-team-content\">\n\t\t\t\t<h2 class=\"eael-team-member-name\">Mar\u00eda Hern\u00e1ndez<\/h2><h3 class=\"eael-team-member-position\">Consultora<\/h3>\n\t\t\t\t\t\t\t\t\t\t\t\t\t\t\t<ul class=\"eael-team-member-social-profiles\">\n\t\t\t\t\t\t\t\t\t\t\t\t\t\t\t\t\t\t\t\t\t\t\t\t\t\t\t\t\t\t\t\t\t\t\t\t\t\t\t\t\t<li class=\"eael-team-member-social-link\">\n\t\t\t\t\t\t\t\t\t\t<a href=\"https:\/\/www.linkedin.com\/in\/mar%C3%ADa-hern%C3%A1ndez-solana-b3962242\/\" target=\"_blank\" rel=\"noopener\">\n\t\t\t\t\t\t\t\t\t\t\t\t\t\t\t\t\t\t\t\t\t\t\t<i aria-hidden=\"true\" class=\"fab fa-linkedin-in\"><\/i>\t\t\t\t\t\t\t\t\t\t\t\t\t\t\t\t\t\t\t\t\t<\/a>\n\t\t\t\t\t\t\t\t\t<\/li>\n\t\t\t\t\t\t\t\t\t\t\t\t\t\t\t\t\t\t\t\t\t<\/ul>\n\t\t\t\t\t\t\t\t\t\t<p class=\"eael-team-text\">Conta com mais de uma d\u00e9cada de experi\u00eancia na \u00e1rea da comunica\u00e7\u00e3o. Trabalhou como jornalista no The Objective e desenvolveu a sua atividade em consultoria estrat\u00e9gica no setor da sa\u00fade. \u00c9 licenciada em Jornalismo e em Publicidade e Rela\u00e7\u00f5es P\u00fablicas.  <\/p>\n\t\t\t\t\t\t\t<\/div>\n\t\t<\/div>\n\t<\/div>\n\t\t\t\t\t<\/div>\n\t\t\t\t<\/div>\n\t\t\t\t\t<\/div>\n\t\t<\/div>\n\t\t\t\t\t<\/div>\n\t\t<\/section>\n\t\t\t\t<section class=\"elementor-section elementor-top-section elementor-element elementor-element-55f5ccd1 elementor-section-boxed elementor-section-height-default elementor-section-height-default\" data-id=\"55f5ccd1\" data-element_type=\"section\" data-e-type=\"section\">\n\t\t\t\t\t\t<div class=\"elementor-container elementor-column-gap-no\">\n\t\t\t\t\t<div class=\"aux-parallax-section elementor-column elementor-col-20 elementor-top-column elementor-element elementor-element-12d5b13d\" data-id=\"12d5b13d\" data-element_type=\"column\" data-e-type=\"column\">\n\t\t\t<div class=\"elementor-widget-wrap\">\n\t\t\t\t\t\t\t<\/div>\n\t\t<\/div>\n\t\t\t\t<div class=\"aux-parallax-section elementor-column elementor-col-20 elementor-top-column elementor-element elementor-element-614eb114\" data-id=\"614eb114\" data-element_type=\"column\" data-e-type=\"column\">\n\t\t\t<div class=\"elementor-widget-wrap\">\n\t\t\t\t\t\t\t<\/div>\n\t\t<\/div>\n\t\t\t\t<div class=\"aux-parallax-section elementor-column elementor-col-20 elementor-top-column elementor-element elementor-element-6efec34c\" data-id=\"6efec34c\" data-element_type=\"column\" data-e-type=\"column\">\n\t\t\t<div class=\"elementor-widget-wrap\">\n\t\t\t\t\t\t\t<\/div>\n\t\t<\/div>\n\t\t\t\t<div class=\"aux-parallax-section elementor-column elementor-col-20 elementor-top-column elementor-element elementor-element-6acc1988\" data-id=\"6acc1988\" data-element_type=\"column\" data-e-type=\"column\">\n\t\t\t<div class=\"elementor-widget-wrap\">\n\t\t\t\t\t\t\t<\/div>\n\t\t<\/div>\n\t\t\t\t<div class=\"aux-parallax-section elementor-column elementor-col-20 elementor-top-column elementor-element elementor-element-3f27395f\" data-id=\"3f27395f\" data-element_type=\"column\" data-e-type=\"column\">\n\t\t\t<div class=\"elementor-widget-wrap\">\n\t\t\t\t\t\t\t<\/div>\n\t\t<\/div>\n\t\t\t\t\t<\/div>\n\t\t<\/section>\n\t\t\t\t<section class=\"elementor-section elementor-top-section elementor-element elementor-element-d71cf1c elementor-section-boxed elementor-section-height-default elementor-section-height-default\" data-id=\"d71cf1c\" data-element_type=\"section\" data-e-type=\"section\">\n\t\t\t\t\t\t<div class=\"elementor-container elementor-column-gap-no\">\n\t\t\t\t\t<div class=\"aux-parallax-section elementor-column elementor-col-20 elementor-top-column elementor-element elementor-element-b18c4b4\" data-id=\"b18c4b4\" data-element_type=\"column\" data-e-type=\"column\">\n\t\t\t<div class=\"elementor-widget-wrap elementor-element-populated\">\n\t\t\t\t\t\t<div class=\"elementor-element elementor-element-f22b7d9 eael-team-align-default elementor-widget elementor-widget-eael-team-member\" data-id=\"f22b7d9\" data-element_type=\"widget\" data-e-type=\"widget\" data-widget_type=\"eael-team-member.default\">\n\t\t\t\t<div class=\"elementor-widget-container\">\n\t\t\t\t\t\n\n\t<div id=\"eael-team-member-f22b7d9\" class=\"eael-team-item eael-team-members-overlay \">\n\t\t<div class=\"eael-team-item-inner\">\n\t\t\t<div class=\"eael-team-image\">\n\t\t\t\t<figure>\n\t\t\t\t\t\t\t\t\t\t<img decoding=\"async\" src=\"https:\/\/bebartlet.com\/wp-content\/uploads\/elementor\/thumbs\/Captura-de-pantalla-2026-04-27-a-las-11.39.19-rmm9he8qkodtuhvx6citq92m0wjftbvvjmzr98frhc.png\" alt=\"\">\n\t\t\t\t\t\t\t\t\t<\/figure>\n\t\t\t\t\n\t\t\t\t\n\t\t\t<\/div>\n\n\t\t\t<div class=\"eael-team-content\">\n\t\t\t\t<h2 class=\"eael-team-member-name\">Aleix Pina<\/h2><h3 class=\"eael-team-member-position\">Consultor<\/h3>\n\t\t\t\t\t\t\t\t\t\t\t\t\t\t\t<ul class=\"eael-team-member-social-profiles\">\n\t\t\t\t\t\t\t\t\t\t\t\t\t\t\t\t\t\t\t\t\t\t\t\t\t\t\t\t\t\t\t\t\t\t\t\t\t\t\t\t\t<li class=\"eael-team-member-social-link\">\n\t\t\t\t\t\t\t\t\t\t<a href=\"https:\/\/www.linkedin.com\/in\/aleixpinaaltimir\/?originalSubdomain=es\" target=\"_blank\" rel=\"noopener\">\n\t\t\t\t\t\t\t\t\t\t\t\t\t\t\t\t\t\t\t\t\t\t\t<i aria-hidden=\"true\" class=\"fab fa-linkedin-in\"><\/i>\t\t\t\t\t\t\t\t\t\t\t\t\t\t\t\t\t\t\t\t\t<\/a>\n\t\t\t\t\t\t\t\t\t<\/li>\n\t\t\t\t\t\t\t\t\t\t\t\t\t\t\t\t\t\t\t\t\t<\/ul>\n\t\t\t\t\t\t\t\t\t\t<p class=\"eael-team-text\">Especializado em an\u00e1lise pol\u00edtica e acompanhamento parlamentar, conta com uma s\u00f3lida experi\u00eancia na \u00e1rea das pol\u00edticas p\u00fablicas e da estrat\u00e9gia institucional, tendo participado na elabora\u00e7\u00e3o e negocia\u00e7\u00e3o de iniciativas legislativas. Licenciado em Hist\u00f3ria pela Universitat de Barcelona e mestre em An\u00e1lise Pol\u00edtica. <\/p>\n\t\t\t\t\t\t\t<\/div>\n\t\t<\/div>\n\t<\/div>\n\t\t\t\t\t<\/div>\n\t\t\t\t<\/div>\n\t\t\t\t\t<\/div>\n\t\t<\/div>\n\t\t\t\t<div class=\"aux-parallax-section elementor-column elementor-col-20 elementor-top-column elementor-element elementor-element-a226f53\" data-id=\"a226f53\" data-element_type=\"column\" data-e-type=\"column\">\n\t\t\t<div class=\"elementor-widget-wrap elementor-element-populated\">\n\t\t\t\t\t\t<div class=\"elementor-element elementor-element-4b233e5 eael-team-align-default elementor-widget elementor-widget-eael-team-member\" data-id=\"4b233e5\" data-element_type=\"widget\" data-e-type=\"widget\" data-widget_type=\"eael-team-member.default\">\n\t\t\t\t<div class=\"elementor-widget-container\">\n\t\t\t\t\t\n\n\t<div id=\"eael-team-member-4b233e5\" class=\"eael-team-item eael-team-members-overlay \">\n\t\t<div class=\"eael-team-item-inner\">\n\t\t\t<div class=\"eael-team-image\">\n\t\t\t\t<figure>\n\t\t\t\t\t\t\t\t\t\t<img decoding=\"async\" src=\"https:\/\/bebartlet.com\/wp-content\/uploads\/2025\/08\/bBT-2025-Irene-Lovillo.webp\" alt=\"Irene Lovillo\">\n\t\t\t\t\t\t\t\t\t<\/figure>\n\t\t\t\t\n\t\t\t\t\n\t\t\t<\/div>\n\n\t\t\t<div class=\"eael-team-content\">\n\t\t\t\t<h2 class=\"eael-team-member-name\">Irene Lovillo<\/h2><h3 class=\"eael-team-member-position\">Consultora<\/h3>\n\t\t\t\t\t\t\t\t\t\t\t\t\t\t\t<ul class=\"eael-team-member-social-profiles\">\n\t\t\t\t\t\t\t\t\t\t\t\t\t\t\t\t\t\t\t\t\t\t\t\t\t\t\t\t\t\t\t\t\t\t\t\t\t\t\t\t\t<li class=\"eael-team-member-social-link\">\n\t\t\t\t\t\t\t\t\t\t<a href=\"https:\/\/www.linkedin.com\/in\/irene-lovillo\/\" target=\"_blank\" rel=\"noopener\">\n\t\t\t\t\t\t\t\t\t\t\t\t\t\t\t\t\t\t\t\t\t\t\t<i aria-hidden=\"true\" class=\"fab fa-linkedin-in\"><\/i>\t\t\t\t\t\t\t\t\t\t\t\t\t\t\t\t\t\t\t\t\t<\/a>\n\t\t\t\t\t\t\t\t\t<\/li>\n\t\t\t\t\t\t\t\t\t\t\t\t\t\t\t\t\t\t\t\t\t<\/ul>\n\t\t\t\t\t\t\t\t\t\t<p class=\"eael-team-text\">Especializada em an\u00e1lise t\u00e9cnica, econ\u00f3mica e de mercado para o desenvolvimento das energias renov\u00e1veis e na conce\u00e7\u00e3o e desenvolvimento de estrat\u00e9gias de incid\u00eancia p\u00fablica para empresas do setor energ\u00e9tico. Licenciada em Economia e em Ci\u00eancia Pol\u00edtica e Gest\u00e3o P\u00fablica. <\/p>\n\t\t\t\t\t\t\t<\/div>\n\t\t<\/div>\n\t<\/div>\n\t\t\t\t\t<\/div>\n\t\t\t\t<\/div>\n\t\t\t\t\t<\/div>\n\t\t<\/div>\n\t\t\t\t<div class=\"aux-parallax-section elementor-column elementor-col-20 elementor-top-column elementor-element elementor-element-16c337a\" data-id=\"16c337a\" data-element_type=\"column\" data-e-type=\"column\">\n\t\t\t<div class=\"elementor-widget-wrap elementor-element-populated\">\n\t\t\t\t\t\t<div class=\"elementor-element elementor-element-43f1111 eael-team-align-default elementor-widget elementor-widget-eael-team-member\" data-id=\"43f1111\" data-element_type=\"widget\" data-e-type=\"widget\" data-widget_type=\"eael-team-member.default\">\n\t\t\t\t<div class=\"elementor-widget-container\">\n\t\t\t\t\t\n\n\t<div id=\"eael-team-member-43f1111\" class=\"eael-team-item eael-team-members-overlay \">\n\t\t<div class=\"eael-team-item-inner\">\n\t\t\t<div class=\"eael-team-image\">\n\t\t\t\t<figure>\n\t\t\t\t\t\t\t\t\t\t<img decoding=\"async\" src=\"https:\/\/bebartlet.com\/wp-content\/uploads\/2025\/08\/bBT-2025-Veronica-Perez.webp\" alt=\"Ver\u00f3nica P\u00e9rez\">\n\t\t\t\t\t\t\t\t\t<\/figure>\n\t\t\t\t\n\t\t\t\t\n\t\t\t<\/div>\n\n\t\t\t<div class=\"eael-team-content\">\n\t\t\t\t<h2 class=\"eael-team-member-name\">Ver\u00f3nica P\u00e9rez<\/h2><h3 class=\"eael-team-member-position\">Consultora<\/h3>\n\t\t\t\t\t\t\t\t\t\t\t\t\t\t\t<ul class=\"eael-team-member-social-profiles\">\n\t\t\t\t\t\t\t\t\t\t\t\t\t\t\t\t\t\t\t\t\t\t\t\t\t\t\t\t\t\t\t\t\t\t\t\t\t\t\t\t\t<li class=\"eael-team-member-social-link\">\n\t\t\t\t\t\t\t\t\t\t<a href=\"https:\/\/www.linkedin.com\/in\/ver%C3%B3nica-p%C3%A9rez-arellano-615740228\/\" target=\"_blank\" rel=\"noopener\">\n\t\t\t\t\t\t\t\t\t\t\t\t\t\t\t\t\t\t\t\t\t\t\t<i aria-hidden=\"true\" class=\"fab fa-linkedin-in\"><\/i>\t\t\t\t\t\t\t\t\t\t\t\t\t\t\t\t\t\t\t\t\t<\/a>\n\t\t\t\t\t\t\t\t\t<\/li>\n\t\t\t\t\t\t\t\t\t\t\t\t\t\t\t\t\t\t\t\t\t<\/ul>\n\t\t\t\t\t\t\t\t\t\t<p class=\"eael-team-text\">Conta com uma d\u00e9cada de experi\u00eancia em coordena\u00e7\u00e3o, administra\u00e7\u00e3o e gest\u00e3o de recursos humanos em diferentes setores.<\/p>\n\t\t\t\t\t\t\t<\/div>\n\t\t<\/div>\n\t<\/div>\n\t\t\t\t\t<\/div>\n\t\t\t\t<\/div>\n\t\t\t\t\t<\/div>\n\t\t<\/div>\n\t\t\t\t<div class=\"aux-parallax-section elementor-column elementor-col-20 elementor-top-column elementor-element elementor-element-1ed725f\" data-id=\"1ed725f\" data-element_type=\"column\" data-e-type=\"column\">\n\t\t\t<div class=\"elementor-widget-wrap elementor-element-populated\">\n\t\t\t\t\t\t<div class=\"elementor-element elementor-element-ea98dba eael-team-align-default elementor-widget elementor-widget-eael-team-member\" data-id=\"ea98dba\" data-element_type=\"widget\" data-e-type=\"widget\" data-widget_type=\"eael-team-member.default\">\n\t\t\t\t<div class=\"elementor-widget-container\">\n\t\t\t\t\t\n\n\t<div id=\"eael-team-member-ea98dba\" class=\"eael-team-item eael-team-members-overlay \">\n\t\t<div class=\"eael-team-item-inner\">\n\t\t\t<div class=\"eael-team-image\">\n\t\t\t\t<figure>\n\t\t\t\t\t\t\t\t\t\t<img decoding=\"async\" src=\"https:\/\/bebartlet.com\/wp-content\/uploads\/elementor\/thumbs\/Captura-de-pantalla-2026-06-19-a-las-10.58.21-rp6gwch2m1ft3yzr8fd5j3vz0tf69mfqgj3l5a5hb4.png\" alt=\"\">\n\t\t\t\t\t\t\t\t\t<\/figure>\n\t\t\t\t\n\t\t\t\t\n\t\t\t<\/div>\n\n\t\t\t<div class=\"eael-team-content\">\n\t\t\t\t<h2 class=\"eael-team-member-name\">Laura Rodr\u00edguez<\/h2><h3 class=\"eael-team-member-position\">Consultora<\/h3>\n\t\t\t\t\t\t\t\t\t\t\t\t\t\t<p class=\"eael-team-text\">Desenvolveu a sua carreira em multinacionais dos setores ambiental e banc\u00e1rio.<\/p>\n\t\t\t\t\t\t\t<\/div>\n\t\t<\/div>\n\t<\/div>\n\t\t\t\t\t<\/div>\n\t\t\t\t<\/div>\n\t\t\t\t\t<\/div>\n\t\t<\/div>\n\t\t\t\t<div class=\"aux-parallax-section elementor-column elementor-col-20 elementor-top-column elementor-element elementor-element-fab19e4\" data-id=\"fab19e4\" data-element_type=\"column\" data-e-type=\"column\">\n\t\t\t<div class=\"elementor-widget-wrap elementor-element-populated\">\n\t\t\t\t\t\t<div class=\"elementor-element elementor-element-1bc84d0 eael-team-align-default elementor-widget elementor-widget-eael-team-member\" data-id=\"1bc84d0\" data-element_type=\"widget\" data-e-type=\"widget\" data-widget_type=\"eael-team-member.default\">\n\t\t\t\t<div class=\"elementor-widget-container\">\n\t\t\t\t\t\n\n\t<div id=\"eael-team-member-1bc84d0\" class=\"eael-team-item eael-team-members-overlay \">\n\t\t<div class=\"eael-team-item-inner\">\n\t\t\t<div class=\"eael-team-image\">\n\t\t\t\t<figure>\n\t\t\t\t\t\t\t\t\t\t<img decoding=\"async\" src=\"https:\/\/bebartlet.com\/wp-content\/uploads\/2025\/08\/bBT-2025-Gonzalo-Rodriguez.webp\" alt=\"Gonzalo Rodr\u00edguez\">\n\t\t\t\t\t\t\t\t\t<\/figure>\n\t\t\t\t\n\t\t\t\t\n\t\t\t<\/div>\n\n\t\t\t<div class=\"eael-team-content\">\n\t\t\t\t<h2 class=\"eael-team-member-name\">Gonzalo Rodr\u00edguez<\/h2><h3 class=\"eael-team-member-position\">Consultor<\/h3>\n\t\t\t\t\t\t\t\t\t\t\t\t\t\t\t<ul class=\"eael-team-member-social-profiles\">\n\t\t\t\t\t\t\t\t\t\t\t\t\t\t\t\t\t\t\t\t\t\t\t\t\t\t\t\t\t\t\t\t\t\t\t\t\t\t\t\t\t<li class=\"eael-team-member-social-link\">\n\t\t\t\t\t\t\t\t\t\t<a href=\"https:\/\/www.linkedin.com\/in\/soy-gonzalo-rodriguez\/\" target=\"_blank\" rel=\"noopener\">\n\t\t\t\t\t\t\t\t\t\t\t\t\t\t\t\t\t\t\t\t\t\t\t<i aria-hidden=\"true\" class=\"fab fa-linkedin-in\"><\/i>\t\t\t\t\t\t\t\t\t\t\t\t\t\t\t\t\t\t\t\t\t<\/a>\n\t\t\t\t\t\t\t\t\t<\/li>\n\t\t\t\t\t\t\t\t\t\t\t\t\t\t\t\t\t\t\t\t\t<\/ul>\n\t\t\t\t\t\t\t\t\t\t<p class=\"eael-team-text\">Combina os seus conhecimentos na execu\u00e7\u00e3o de projetos de mobilidade sustent\u00e1vel, energias renov\u00e1veis e plataformas digitais com a especializa\u00e7\u00e3o em an\u00e1lise regulat\u00f3ria, conce\u00e7\u00e3o de pol\u00edticas p\u00fablicas e estudos demosc\u00f3picos. Licenciado em Ci\u00eancia Pol\u00edtica e Sociologia e mestre em Comunica\u00e7\u00e3o Pol\u00edtica e Gest\u00e3o de Crises. <\/p>\n\t\t\t\t\t\t\t<\/div>\n\t\t<\/div>\n\t<\/div>\n\t\t\t\t\t<\/div>\n\t\t\t\t<\/div>\n\t\t\t\t\t<\/div>\n\t\t<\/div>\n\t\t\t\t\t<\/div>\n\t\t<\/section>\n\t\t\t\t<section class=\"elementor-section elementor-top-section elementor-element elementor-element-8ecbd5f elementor-section-boxed elementor-section-height-default elementor-section-height-default\" data-id=\"8ecbd5f\" data-element_type=\"section\" data-e-type=\"section\">\n\t\t\t\t\t\t<div class=\"elementor-container elementor-column-gap-no\">\n\t\t\t\t\t<div class=\"aux-parallax-section elementor-column elementor-col-20 elementor-top-column elementor-element elementor-element-69dc8f2\" data-id=\"69dc8f2\" data-element_type=\"column\" data-e-type=\"column\">\n\t\t\t<div class=\"elementor-widget-wrap elementor-element-populated\">\n\t\t\t\t\t\t<div class=\"elementor-element elementor-element-0ac70a9 eael-team-align-default elementor-widget elementor-widget-eael-team-member\" data-id=\"0ac70a9\" data-element_type=\"widget\" data-e-type=\"widget\" data-widget_type=\"eael-team-member.default\">\n\t\t\t\t<div class=\"elementor-widget-container\">\n\t\t\t\t\t\n\n\t<div id=\"eael-team-member-0ac70a9\" class=\"eael-team-item eael-team-members-overlay \">\n\t\t<div class=\"eael-team-item-inner\">\n\t\t\t<div class=\"eael-team-image\">\n\t\t\t\t<figure>\n\t\t\t\t\t\t\t\t\t\t<img decoding=\"async\" src=\"https:\/\/bebartlet.com\/wp-content\/uploads\/2025\/08\/bBT-2025-Celia-Baldellou.webp\" alt=\"Celia Baldellou\">\n\t\t\t\t\t\t\t\t\t<\/figure>\n\t\t\t\t\n\t\t\t\t\n\t\t\t<\/div>\n\n\t\t\t<div class=\"eael-team-content\">\n\t\t\t\t<h2 class=\"eael-team-member-name\">Celia Baldellou<\/h2><h3 class=\"eael-team-member-position\">Analista<\/h3>\n\t\t\t\t\t\t\t\t\t\t\t\t\t\t\t<ul class=\"eael-team-member-social-profiles\">\n\t\t\t\t\t\t\t\t\t\t\t\t\t\t\t\t\t\t\t\t\t\t\t\t\t\t\t\t\t\t\t\t\t\t\t\t\t\t\t\t\t<li class=\"eael-team-member-social-link\">\n\t\t\t\t\t\t\t\t\t\t<a href=\"https:\/\/www.linkedin.com\/in\/celia-baldellou-brosed-8bb6802a2\/\" target=\"_blank\" rel=\"noopener\">\n\t\t\t\t\t\t\t\t\t\t\t\t\t\t\t\t\t\t\t\t\t\t\t<i aria-hidden=\"true\" class=\"fab fa-linkedin-in\"><\/i>\t\t\t\t\t\t\t\t\t\t\t\t\t\t\t\t\t\t\t\t\t<\/a>\n\t\t\t\t\t\t\t\t\t<\/li>\n\t\t\t\t\t\t\t\t\t\t\t\t\t\t\t\t\t\t\t\t\t<\/ul>\n\t\t\t\t\t\t\t\t\t\t<p class=\"eael-team-text\">Combina a sua experi\u00eancia no desenvolvimento de estrat\u00e9gias e planos de incid\u00eancia corporativa com a especializa\u00e7\u00e3o em an\u00e1lise de pol\u00edticas p\u00fablicas e antecipa\u00e7\u00e3o regulat\u00f3ria. Impulsionou tamb\u00e9m projetos de participa\u00e7\u00e3o cidad\u00e3. Licenciada em Filosofia, Pol\u00edtica e Economia.  <\/p>\n\t\t\t\t\t\t\t<\/div>\n\t\t<\/div>\n\t<\/div>\n\t\t\t\t\t<\/div>\n\t\t\t\t<\/div>\n\t\t\t\t\t<\/div>\n\t\t<\/div>\n\t\t\t\t<div class=\"aux-parallax-section elementor-column elementor-col-20 elementor-top-column elementor-element elementor-element-e6c8a47\" data-id=\"e6c8a47\" data-element_type=\"column\" data-e-type=\"column\">\n\t\t\t<div class=\"elementor-widget-wrap elementor-element-populated\">\n\t\t\t\t\t\t<div class=\"elementor-element elementor-element-4d1b32c eael-team-align-default elementor-widget elementor-widget-eael-team-member\" data-id=\"4d1b32c\" data-element_type=\"widget\" data-e-type=\"widget\" data-widget_type=\"eael-team-member.default\">\n\t\t\t\t<div class=\"elementor-widget-container\">\n\t\t\t\t\t\n\n\t<div id=\"eael-team-member-4d1b32c\" class=\"eael-team-item eael-team-members-overlay \">\n\t\t<div class=\"eael-team-item-inner\">\n\t\t\t<div class=\"eael-team-image\">\n\t\t\t\t<figure>\n\t\t\t\t\t\t\t\t\t\t<img decoding=\"async\" src=\"https:\/\/bebartlet.com\/wp-content\/uploads\/elementor\/thumbs\/Captura-de-pantalla-2026-02-24-a-las-10.18.56-rjmbevro6xv6nwa68g1uj5k926i5rkhhaad8rtcvs0.png\" alt=\"\">\n\t\t\t\t\t\t\t\t\t<\/figure>\n\t\t\t\t\n\t\t\t\t\n\t\t\t<\/div>\n\n\t\t\t<div class=\"eael-team-content\">\n\t\t\t\t<h2 class=\"eael-team-member-name\">Ignacio Arrechea<\/h2><h3 class=\"eael-team-member-position\">Consultor<\/h3>\n\t\t\t\t\t\t\t\t\t\t\t\t\t\t\t<ul class=\"eael-team-member-social-profiles\">\n\t\t\t\t\t\t\t\t\t\t\t\t\t\t\t\t\t\t\t\t\t\t\t\t\t\t\t\t\t\t\t\t\t\t\t\t\t\t\t\t\t<li class=\"eael-team-member-social-link\">\n\t\t\t\t\t\t\t\t\t\t<a href=\"https:\/\/www.linkedin.com\/in\/ignacio-arrechea-figaredo-7b1b6a1ab\/\" target=\"_blank\" rel=\"noopener\">\n\t\t\t\t\t\t\t\t\t\t\t\t\t\t\t\t\t\t\t\t\t\t\t<i aria-hidden=\"true\" class=\"fab fa-linkedin-in\"><\/i>\t\t\t\t\t\t\t\t\t\t\t\t\t\t\t\t\t\t\t\t\t<\/a>\n\t\t\t\t\t\t\t\t\t<\/li>\n\t\t\t\t\t\t\t\t\t\t\t\t\t\t\t\t\t\t\t\t\t<\/ul>\n\t\t\t\t\t\t\t\t\t\t<p class=\"eael-team-text\">Especializado em an\u00e1lise pol\u00edtica, acompanhamento regulat\u00f3rio e incid\u00eancia p\u00fablica. Licenciado em Rela\u00e7\u00f5es Internacionais e em Filosofia, Pol\u00edtica e Economia pela Universidad Francisco de Vitoria e com uma p\u00f3s-gradua\u00e7\u00e3o em Dire\u00e7\u00e3o de Assuntos P\u00fablicos pela Universidad Pontificia Comillas. <\/p>\n\t\t\t\t\t\t\t<\/div>\n\t\t<\/div>\n\t<\/div>\n\t\t\t\t\t<\/div>\n\t\t\t\t<\/div>\n\t\t\t\t\t<\/div>\n\t\t<\/div>\n\t\t\t\t<div class=\"aux-parallax-section elementor-column elementor-col-20 elementor-top-column elementor-element elementor-element-945f9d8\" data-id=\"945f9d8\" data-element_type=\"column\" data-e-type=\"column\">\n\t\t\t<div class=\"elementor-widget-wrap elementor-element-populated\">\n\t\t\t\t\t\t<div class=\"elementor-element elementor-element-089e9c4 eael-team-align-default elementor-widget elementor-widget-eael-team-member\" data-id=\"089e9c4\" data-element_type=\"widget\" data-e-type=\"widget\" data-widget_type=\"eael-team-member.default\">\n\t\t\t\t<div class=\"elementor-widget-container\">\n\t\t\t\t\t\n\n\t<div id=\"eael-team-member-089e9c4\" class=\"eael-team-item eael-team-members-overlay \">\n\t\t<div class=\"eael-team-item-inner\">\n\t\t\t<div class=\"eael-team-image\">\n\t\t\t\t<figure>\n\t\t\t\t\t\t\t\t\t\t<img decoding=\"async\" src=\"https:\/\/bebartlet.com\/wp-content\/uploads\/elementor\/thumbs\/Captura-de-pantalla-2026-05-18-a-las-9.23.51-rnmnj72rdvc14uqmdsnc4mw0xk0xtzys0vp2vr5yhs.png\" alt=\"\">\n\t\t\t\t\t\t\t\t\t<\/figure>\n\t\t\t\t\n\t\t\t\t\n\t\t\t<\/div>\n\n\t\t\t<div class=\"eael-team-content\">\n\t\t\t\t<h2 class=\"eael-team-member-name\">Clara Dom\u00ednguez<\/h2><h3 class=\"eael-team-member-position\">Consultora<\/h3>\n\t\t\t\t\t\t\t\t\t\t\t\t\t\t\t<ul class=\"eael-team-member-social-profiles\">\n\t\t\t\t\t\t\t\t\t\t\t\t\t\t\t\t\t\t\t\t\t\t\t\t\t\t\t\t\t\t\t\t\t\t\t\t\t\t\t\t\t<li class=\"eael-team-member-social-link\">\n\t\t\t\t\t\t\t\t\t\t<a target=\"_blank\">\n\t\t\t\t\t\t\t\t\t\t\t\t\t\t\t\t\t\t\t\t\t\t\t<i aria-hidden=\"true\" class=\"fab fa-linkedin-in\"><\/i>\t\t\t\t\t\t\t\t\t\t\t\t\t\t\t\t\t\t\t\t\t<\/a>\n\t\t\t\t\t\t\t\t\t<\/li>\n\t\t\t\t\t\t\t\t\t\t\t\t\t\t\t\t\t\t\t\t\t<\/ul>\n\t\t\t\t\t\t\t\t\t\t<p class=\"eael-team-text\">Contribui com uma vis\u00e3o transversal e s\u00f3lida, resultante de uma trajet\u00f3ria no setor financeiro. <\/p>\n\t\t\t\t\t\t\t<\/div>\n\t\t<\/div>\n\t<\/div>\n\t\t\t\t\t<\/div>\n\t\t\t\t<\/div>\n\t\t\t\t\t<\/div>\n\t\t<\/div>\n\t\t\t\t<div class=\"aux-parallax-section elementor-column elementor-col-20 elementor-top-column elementor-element elementor-element-4faf39c\" data-id=\"4faf39c\" data-element_type=\"column\" data-e-type=\"column\">\n\t\t\t<div class=\"elementor-widget-wrap elementor-element-populated\">\n\t\t\t\t\t\t<div class=\"elementor-element elementor-element-76444a80 eael-team-align-default elementor-widget elementor-widget-eael-team-member\" data-id=\"76444a80\" data-element_type=\"widget\" data-e-type=\"widget\" data-widget_type=\"eael-team-member.default\">\n\t\t\t\t<div class=\"elementor-widget-container\">\n\t\t\t\t\t\n\n\t<div id=\"eael-team-member-76444a80\" class=\"eael-team-item eael-team-members-overlay \">\n\t\t<div class=\"eael-team-item-inner\">\n\t\t\t<div class=\"eael-team-image\">\n\t\t\t\t<figure>\n\t\t\t\t\t\t\t\t\t\t<img decoding=\"async\" src=\"https:\/\/bebartlet.com\/wp-content\/uploads\/2025\/08\/bBT-2025-Maria-Marin.webp\" alt=\"Mar\u00eda Mar\u00edn\">\n\t\t\t\t\t\t\t\t\t<\/figure>\n\t\t\t\t\n\t\t\t\t\n\t\t\t<\/div>\n\n\t\t\t<div class=\"eael-team-content\">\n\t\t\t\t<h2 class=\"eael-team-member-name\">Mar\u00eda Mar\u00edn<\/h2><h3 class=\"eael-team-member-position\">Consultora<\/h3>\n\t\t\t\t\t\t\t\t\t\t\t\t\t\t<p class=\"eael-team-text\">Conta com experi\u00eancia anterior em gest\u00e3o comercial e de marketing em empresas do setor do retalho.<\/p>\n\t\t\t\t\t\t\t<\/div>\n\t\t<\/div>\n\t<\/div>\n\t\t\t\t\t<\/div>\n\t\t\t\t<\/div>\n\t\t\t\t\t<\/div>\n\t\t<\/div>\n\t\t\t\t<div class=\"aux-parallax-section elementor-column elementor-col-20 elementor-top-column elementor-element elementor-element-732d290\" data-id=\"732d290\" data-element_type=\"column\" data-e-type=\"column\">\n\t\t\t<div class=\"elementor-widget-wrap elementor-element-populated\">\n\t\t\t\t\t\t<div class=\"elementor-element elementor-element-60fdb78 eael-team-align-default elementor-widget elementor-widget-eael-team-member\" data-id=\"60fdb78\" data-element_type=\"widget\" data-e-type=\"widget\" data-widget_type=\"eael-team-member.default\">\n\t\t\t\t<div class=\"elementor-widget-container\">\n\t\t\t\t\t\n\n\t<div id=\"eael-team-member-60fdb78\" class=\"eael-team-item eael-team-members-overlay \">\n\t\t<div class=\"eael-team-item-inner\">\n\t\t\t<div class=\"eael-team-image\">\n\t\t\t\t<figure>\n\t\t\t\t\t\t\t\t\t\t<img decoding=\"async\" src=\"https:\/\/bebartlet.com\/wp-content\/uploads\/elementor\/thumbs\/Captura-de-pantalla-2026-02-03-a-las-10.16.12-rilrdr2nr259pe7hef53flwf4uclf2k879ikcbwg68.png\" alt=\"\">\n\t\t\t\t\t\t\t\t\t<\/figure>\n\t\t\t\t\n\t\t\t\t\n\t\t\t<\/div>\n\n\t\t\t<div class=\"eael-team-content\">\n\t\t\t\t<h2 class=\"eael-team-member-name\">Mar\u00eda Perales<\/h2><h3 class=\"eael-team-member-position\">Consultora<\/h3>\n\t\t\t\t\t\t\t\t\t\t\t\t\t\t\t<ul class=\"eael-team-member-social-profiles\">\n\t\t\t\t\t\t\t\t\t\t\t\t\t\t\t\t\t\t\t\t\t\t\t\t\t\t\t\t\t\t\t\t\t\t\t\t\t\t\t\t\t<li class=\"eael-team-member-social-link\">\n\t\t\t\t\t\t\t\t\t\t<a href=\"https:\/\/www.linkedin.com\/in\/mar%C3%ADa-perales-mart%C3%ADnez-a4341820b\/?originalSubdomain=es\" target=\"_blank\" rel=\"noopener\">\n\t\t\t\t\t\t\t\t\t\t\t\t\t\t\t\t\t\t\t\t\t\t\t<i aria-hidden=\"true\" class=\"fab fa-linkedin-in\"><\/i>\t\t\t\t\t\t\t\t\t\t\t\t\t\t\t\t\t\t\t\t\t<\/a>\n\t\t\t\t\t\t\t\t\t<\/li>\n\t\t\t\t\t\t\t\t\t\t\t\t\t\t\t\t\t\t\t\t\t<\/ul>\n\t\t\t\t\t\t\t\t\t\t<p class=\"eael-team-text\">Especialista em marketing e eventos, com enfoque no planeamento estrat\u00e9gico, na supervis\u00e3o t\u00e9cnica e no desenvolvimento de atividades corporativas.<\/p>\n\t\t\t\t\t\t\t<\/div>\n\t\t<\/div>\n\t<\/div>\n\t\t\t\t\t<\/div>\n\t\t\t\t<\/div>\n\t\t\t\t\t<\/div>\n\t\t<\/div>\n\t\t\t\t\t<\/div>\n\t\t<\/section>\n\t\t\t\t<section class=\"elementor-section elementor-top-section elementor-element elementor-element-78995764 elementor-section-boxed elementor-section-height-default elementor-section-height-default\" data-id=\"78995764\" data-element_type=\"section\" data-e-type=\"section\">\n\t\t\t\t\t\t<div class=\"elementor-container elementor-column-gap-no\">\n\t\t\t\t\t<div class=\"aux-parallax-section elementor-column elementor-col-20 elementor-top-column elementor-element elementor-element-3b5fb968\" data-id=\"3b5fb968\" data-element_type=\"column\" data-e-type=\"column\">\n\t\t\t<div class=\"elementor-widget-wrap elementor-element-populated\">\n\t\t\t\t\t\t<div class=\"elementor-element elementor-element-5cbffd63 eael-team-align-default elementor-widget elementor-widget-eael-team-member\" data-id=\"5cbffd63\" data-element_type=\"widget\" data-e-type=\"widget\" data-widget_type=\"eael-team-member.default\">\n\t\t\t\t<div class=\"elementor-widget-container\">\n\t\t\t\t\t\n\n\t<div id=\"eael-team-member-5cbffd63\" class=\"eael-team-item eael-team-members-overlay \">\n\t\t<div class=\"eael-team-item-inner\">\n\t\t\t<div class=\"eael-team-image\">\n\t\t\t\t<figure>\n\t\t\t\t\t\t\t\t\t\t<img decoding=\"async\" src=\"https:\/\/bebartlet.com\/wp-content\/uploads\/2025\/08\/bBT-2025-Marta-Carbonell.webp\" alt=\"Marta Carbonell\">\n\t\t\t\t\t\t\t\t\t<\/figure>\n\t\t\t\t\n\t\t\t\t\n\t\t\t<\/div>\n\n\t\t\t<div class=\"eael-team-content\">\n\t\t\t\t<h2 class=\"eael-team-member-name\">Marta Carbonell<\/h2><h3 class=\"eael-team-member-position\">Consultora<\/h3>\n\t\t\t\t\t\t\t\t\t\t\t\t\t\t\t<ul class=\"eael-team-member-social-profiles\">\n\t\t\t\t\t\t\t\t\t\t\t\t\t\t\t\t\t\t\t\t\t\t\t\t\t\t\t\t\t\t\t\t\t\t\t\t\t\t\t\t\t<li class=\"eael-team-member-social-link\">\n\t\t\t\t\t\t\t\t\t\t<a href=\"https:\/\/www.linkedin.com\/in\/martacarbonellvelez\/\" target=\"_blank\" rel=\"noopener\">\n\t\t\t\t\t\t\t\t\t\t\t\t\t\t\t\t\t\t\t\t\t\t\t<i aria-hidden=\"true\" class=\"fab fa-linkedin-in\"><\/i>\t\t\t\t\t\t\t\t\t\t\t\t\t\t\t\t\t\t\t\t\t<\/a>\n\t\t\t\t\t\t\t\t\t<\/li>\n\t\t\t\t\t\t\t\t\t\t\t\t\t\t\t\t\t\t\t\t\t<\/ul>\n\t\t\t\t\t\t\t\t\t\t<p class=\"eael-team-text\">Especializada em protocolo e rela\u00e7\u00f5es institucionais, participou na organiza\u00e7\u00e3o de diversos eventos e planos de relacionamento.<\/p>\n\t\t\t\t\t\t\t<\/div>\n\t\t<\/div>\n\t<\/div>\n\t\t\t\t\t<\/div>\n\t\t\t\t<\/div>\n\t\t\t\t\t<\/div>\n\t\t<\/div>\n\t\t\t\t<div class=\"aux-parallax-section elementor-column elementor-col-20 elementor-top-column elementor-element elementor-element-365e991e\" data-id=\"365e991e\" data-element_type=\"column\" data-e-type=\"column\">\n\t\t\t<div class=\"elementor-widget-wrap elementor-element-populated\">\n\t\t\t\t\t\t<div class=\"elementor-element elementor-element-49cadbe eael-team-align-default elementor-widget elementor-widget-eael-team-member\" data-id=\"49cadbe\" data-element_type=\"widget\" data-e-type=\"widget\" data-widget_type=\"eael-team-member.default\">\n\t\t\t\t<div class=\"elementor-widget-container\">\n\t\t\t\t\t\n\n\t<div id=\"eael-team-member-49cadbe\" class=\"eael-team-item eael-team-members-overlay \">\n\t\t<div class=\"eael-team-item-inner\">\n\t\t\t<div class=\"eael-team-image\">\n\t\t\t\t<figure>\n\t\t\t\t\t\t\t\t\t\t<img decoding=\"async\" src=\"https:\/\/bebartlet.com\/wp-content\/uploads\/2025\/08\/bBT-2025-Mateu-Miranda.webp\" alt=\"Mateu Miranda\">\n\t\t\t\t\t\t\t\t\t<\/figure>\n\t\t\t\t\n\t\t\t\t\n\t\t\t<\/div>\n\n\t\t\t<div class=\"eael-team-content\">\n\t\t\t\t<h2 class=\"eael-team-member-name\">Mateu Miranda<\/h2><h3 class=\"eael-team-member-position\">Analista<\/h3>\n\t\t\t\t\t\t\t\t\t\t\t\t\t\t\t<ul class=\"eael-team-member-social-profiles\">\n\t\t\t\t\t\t\t\t\t\t\t\t\t\t\t\t\t\t\t\t\t\t\t\t\t\t\t\t\t\t\t\t\t\t\t\t\t\t\t\t\t<li class=\"eael-team-member-social-link\">\n\t\t\t\t\t\t\t\t\t\t<a href=\"https:\/\/www.linkedin.com\/in\/mateumirandacastells2238\/\" target=\"_blank\" rel=\"noopener\">\n\t\t\t\t\t\t\t\t\t\t\t\t\t\t\t\t\t\t\t\t\t\t\t<i aria-hidden=\"true\" class=\"fab fa-linkedin-in\"><\/i>\t\t\t\t\t\t\t\t\t\t\t\t\t\t\t\t\t\t\t\t\t<\/a>\n\t\t\t\t\t\t\t\t\t<\/li>\n\t\t\t\t\t\t\t\t\t\t\t\t\t\t\t\t\t\t\t\t\t<\/ul>\n\t\t\t\t\t\t\t\t\t\t<p class=\"eael-team-text\">Especializado em an\u00e1lise e intelig\u00eancia para melhorar as pol\u00edticas p\u00fablicas nos dom\u00ednios da sa\u00fade, da ci\u00eancia e do setor agroalimentar. Conta com experi\u00eancia anterior em assessoria fiscal e jur\u00eddica. Economista pela Universitat de Barcelona.  <\/p>\n\t\t\t\t\t\t\t<\/div>\n\t\t<\/div>\n\t<\/div>\n\t\t\t\t\t<\/div>\n\t\t\t\t<\/div>\n\t\t\t\t\t<\/div>\n\t\t<\/div>\n\t\t\t\t<div class=\"aux-parallax-section elementor-column elementor-col-20 elementor-top-column elementor-element elementor-element-4e78ef18\" data-id=\"4e78ef18\" data-element_type=\"column\" data-e-type=\"column\">\n\t\t\t<div class=\"elementor-widget-wrap elementor-element-populated\">\n\t\t\t\t\t\t<div class=\"elementor-element elementor-element-0150d5f eael-team-align-default elementor-widget elementor-widget-eael-team-member\" data-id=\"0150d5f\" data-element_type=\"widget\" data-e-type=\"widget\" data-widget_type=\"eael-team-member.default\">\n\t\t\t\t<div class=\"elementor-widget-container\">\n\t\t\t\t\t\n\n\t<div id=\"eael-team-member-0150d5f\" class=\"eael-team-item eael-team-members-overlay \">\n\t\t<div class=\"eael-team-item-inner\">\n\t\t\t<div class=\"eael-team-image\">\n\t\t\t\t<figure>\n\t\t\t\t\t\t\t\t\t\t<img decoding=\"async\" src=\"https:\/\/bebartlet.com\/wp-content\/uploads\/elementor\/thumbs\/Captura-de-pantalla-2026-04-27-a-las-11.21.52-rmm8qh54uhj7cizld7mgtjmdkn80de0m6ee5gycnog.png\" alt=\"\">\n\t\t\t\t\t\t\t\t\t<\/figure>\n\t\t\t\t\n\t\t\t\t\n\t\t\t<\/div>\n\n\t\t\t<div class=\"eael-team-content\">\n\t\t\t\t<h2 class=\"eael-team-member-name\">Guillermo Garc\u00eda<\/h2><h3 class=\"eael-team-member-position\">Analista<\/h3>\n\t\t\t\t\t\t\t\t\t\t\t\t\t\t\t<ul class=\"eael-team-member-social-profiles\">\n\t\t\t\t\t\t\t\t\t\t\t\t\t\t\t\t\t\t\t\t\t\t\t\t\t\t\t\t\t\t\t\t\t\t\t\t\t\t\t\t\t<li class=\"eael-team-member-social-link\">\n\t\t\t\t\t\t\t\t\t\t<a href=\"https:\/\/www.linkedin.com\/in\/guillermo-garc%C3%ADa-cantalejo-b14868187\/\" target=\"_blank\" rel=\"noopener\">\n\t\t\t\t\t\t\t\t\t\t\t\t\t\t\t\t\t\t\t\t\t\t\t<i aria-hidden=\"true\" class=\"fab fa-linkedin-in\"><\/i>\t\t\t\t\t\t\t\t\t\t\t\t\t\t\t\t\t\t\t\t\t<\/a>\n\t\t\t\t\t\t\t\t\t<\/li>\n\t\t\t\t\t\t\t\t\t\t\t\t\t\t\t\t\t\t\t\t\t<\/ul>\n\t\t\t\t\t\t\t\t\t\t<p class=\"eael-team-text\">Licenciado em Filosofia, Pol\u00edtica e Economia, com um mestrado em Rela\u00e7\u00f5es Internacionais. A sua carreira centra-se na comunica\u00e7\u00e3o corporativa e nas rela\u00e7\u00f5es institucionais em gabinetes de estrat\u00e9gia e empresas de servi\u00e7os profissionais. Trabalhou nos setores da sa\u00fade e da transi\u00e7\u00e3o ecol\u00f3gica, acompanhando a atividade p\u00fablica.  <\/p>\n\t\t\t\t\t\t\t<\/div>\n\t\t<\/div>\n\t<\/div>\n\t\t\t\t\t<\/div>\n\t\t\t\t<\/div>\n\t\t\t\t\t<\/div>\n\t\t<\/div>\n\t\t\t\t<div class=\"aux-parallax-section elementor-column elementor-col-20 elementor-top-column elementor-element elementor-element-2b1c2c72\" data-id=\"2b1c2c72\" data-element_type=\"column\" data-e-type=\"column\">\n\t\t\t<div class=\"elementor-widget-wrap elementor-element-populated\">\n\t\t\t\t\t\t<div class=\"elementor-element elementor-element-0b41784 eael-team-align-default elementor-widget elementor-widget-eael-team-member\" data-id=\"0b41784\" data-element_type=\"widget\" data-e-type=\"widget\" data-widget_type=\"eael-team-member.default\">\n\t\t\t\t<div class=\"elementor-widget-container\">\n\t\t\t\t\t\n\n\t<div id=\"eael-team-member-0b41784\" class=\"eael-team-item eael-team-members-overlay \">\n\t\t<div class=\"eael-team-item-inner\">\n\t\t\t<div class=\"eael-team-image\">\n\t\t\t\t<figure>\n\t\t\t\t\t\t\t\t\t\t<img decoding=\"async\" src=\"https:\/\/bebartlet.com\/wp-content\/uploads\/elementor\/thumbs\/MG_0089-1-scaled-rdvg7p7yt4apsbaw5lkz7jrryj8w2qbfejh5ugoqn4.jpg\" alt=\"\">\n\t\t\t\t\t\t\t\t\t<\/figure>\n\t\t\t\t\n\t\t\t\t\n\t\t\t<\/div>\n\n\t\t\t<div class=\"eael-team-content\">\n\t\t\t\t<h2 class=\"eael-team-member-name\">Natalia D\u00edaz<\/h2><h3 class=\"eael-team-member-position\">Analista<\/h3>\n\t\t\t\t\t\t\t\t\t\t\t\t\t\t\t<ul class=\"eael-team-member-social-profiles\">\n\t\t\t\t\t\t\t\t\t\t\t\t\t\t\t\t\t\t\t\t\t\t\t\t\t\t\t\t\t\t\t\t\t\t\t\t\t\t\t\t\t<li class=\"eael-team-member-social-link\">\n\t\t\t\t\t\t\t\t\t\t<a href=\"https:\/\/www.linkedin.com\/in\/natalia-d%C3%ADaz-mingo-s%C3%A1nchez-de-castro-0ba465295\/\" target=\"_blank\" rel=\"noopener\">\n\t\t\t\t\t\t\t\t\t\t\t\t\t\t\t\t\t\t\t\t\t\t\t<i aria-hidden=\"true\" class=\"fab fa-linkedin-in\"><\/i>\t\t\t\t\t\t\t\t\t\t\t\t\t\t\t\t\t\t\t\t\t<\/a>\n\t\t\t\t\t\t\t\t\t<\/li>\n\t\t\t\t\t\t\t\t\t\t\t\t\t\t\t\t\t\t\t\t\t<\/ul>\n\t\t\t\t\t\t\t\t\t\t<p class=\"eael-team-text\">Licenciada em Direito e Ci\u00eancia Pol\u00edtica, com uma estadia acad\u00e9mica na Sciences Po Bordeaux, e mestre em An\u00e1lise Pol\u00edtica e Eleitoral. Especializada em an\u00e1lise de dados nas \u00e1reas da transi\u00e7\u00e3o ecol\u00f3gica, da sa\u00fade e da ind\u00fastria farmac\u00eautica. <\/p>\n\t\t\t\t\t\t\t<\/div>\n\t\t<\/div>\n\t<\/div>\n\t\t\t\t\t<\/div>\n\t\t\t\t<\/div>\n\t\t\t\t\t<\/div>\n\t\t<\/div>\n\t\t\t\t<div class=\"aux-parallax-section elementor-column elementor-col-20 elementor-top-column elementor-element elementor-element-4754d02e\" data-id=\"4754d02e\" data-element_type=\"column\" data-e-type=\"column\">\n\t\t\t<div class=\"elementor-widget-wrap elementor-element-populated\">\n\t\t\t\t\t\t<div class=\"elementor-element elementor-element-0c1eee3 eael-team-align-default elementor-widget elementor-widget-eael-team-member\" data-id=\"0c1eee3\" data-element_type=\"widget\" data-e-type=\"widget\" data-widget_type=\"eael-team-member.default\">\n\t\t\t\t<div class=\"elementor-widget-container\">\n\t\t\t\t\t\n\n\t<div id=\"eael-team-member-0c1eee3\" class=\"eael-team-item eael-team-members-overlay \">\n\t\t<div class=\"eael-team-item-inner\">\n\t\t\t<div class=\"eael-team-image\">\n\t\t\t\t<figure>\n\t\t\t\t\t\t\t\t\t\t<img decoding=\"async\" src=\"https:\/\/bebartlet.com\/wp-content\/uploads\/elementor\/thumbs\/TH_bB_20250717-162-1-1-scaled-rejn0bnk8c76htof7ppsec00z3vgb16f3ti3o1rrhc.jpg\" alt=\"\">\n\t\t\t\t\t\t\t\t\t<\/figure>\n\t\t\t\t\n\t\t\t\t\n\t\t\t<\/div>\n\n\t\t\t<div class=\"eael-team-content\">\n\t\t\t\t<h2 class=\"eael-team-member-name\">F\u00e8lix Prunera<\/h2><h3 class=\"eael-team-member-position\">Analista<\/h3>\n\t\t\t\t\t\t\t\t\t\t\t\t\t\t\t<ul class=\"eael-team-member-social-profiles\">\n\t\t\t\t\t\t\t\t\t\t\t\t\t\t\t\t\t\t\t\t\t\t\t\t\t\t\t\t\t\t\t\t\t\t\t\t\t\t\t\t\t<li class=\"eael-team-member-social-link\">\n\t\t\t\t\t\t\t\t\t\t<a href=\"https:\/\/www.linkedin.com\/in\/f%C3%A8lix-prunera-camats-32119932b\/\" target=\"_blank\" rel=\"noopener\">\n\t\t\t\t\t\t\t\t\t\t\t\t\t\t\t\t\t\t\t\t\t\t\t<i aria-hidden=\"true\" class=\"fab fa-linkedin-in\"><\/i>\t\t\t\t\t\t\t\t\t\t\t\t\t\t\t\t\t\t\t\t\t<\/a>\n\t\t\t\t\t\t\t\t\t<\/li>\n\t\t\t\t\t\t\t\t\t\t\t\t\t\t\t\t\t\t\t\t\t<\/ul>\n\t\t\t\t\t\t\t\t\t\t<p class=\"eael-team-text\">Licenciado em Publicidade e Rela\u00e7\u00f5es P\u00fablicas. Especializado na conce\u00e7\u00e3o de estrat\u00e9gias de comunica\u00e7\u00e3o com os media e em rela\u00e7\u00f5es institucionais nos setores agroalimentar, tecnol\u00f3gico, autom\u00f3vel e do retalho.  <\/p>\n\t\t\t\t\t\t\t<\/div>\n\t\t<\/div>\n\t<\/div>\n\t\t\t\t\t<\/div>\n\t\t\t\t<\/div>\n\t\t\t\t\t<\/div>\n\t\t<\/div>\n\t\t\t\t\t<\/div>\n\t\t<\/section>\n\t\t\t\t<section class=\"elementor-section elementor-top-section elementor-element elementor-element-af56b42 elementor-section-boxed elementor-section-height-default elementor-section-height-default\" data-id=\"af56b42\" data-element_type=\"section\" data-e-type=\"section\">\n\t\t\t\t\t\t<div class=\"elementor-container elementor-column-gap-no\">\n\t\t\t\t\t<div class=\"aux-parallax-section elementor-column elementor-col-20 elementor-top-column elementor-element elementor-element-4da83b7a\" data-id=\"4da83b7a\" data-element_type=\"column\" data-e-type=\"column\">\n\t\t\t<div class=\"elementor-widget-wrap\">\n\t\t\t\t\t\t\t<\/div>\n\t\t<\/div>\n\t\t\t\t<div class=\"aux-parallax-section elementor-column elementor-col-20 elementor-top-column elementor-element elementor-element-640fc8c1\" data-id=\"640fc8c1\" data-element_type=\"column\" data-e-type=\"column\">\n\t\t\t<div class=\"elementor-widget-wrap\">\n\t\t\t\t\t\t\t<\/div>\n\t\t<\/div>\n\t\t\t\t<div class=\"aux-parallax-section elementor-column elementor-col-20 elementor-top-column elementor-element elementor-element-37dce3eb\" data-id=\"37dce3eb\" data-element_type=\"column\" data-e-type=\"column\">\n\t\t\t<div class=\"elementor-widget-wrap\">\n\t\t\t\t\t\t\t<\/div>\n\t\t<\/div>\n\t\t\t\t<div class=\"aux-parallax-section elementor-column elementor-col-20 elementor-top-column elementor-element elementor-element-61b97abf\" data-id=\"61b97abf\" data-element_type=\"column\" data-e-type=\"column\">\n\t\t\t<div class=\"elementor-widget-wrap\">\n\t\t\t\t\t\t\t<\/div>\n\t\t<\/div>\n\t\t\t\t<div class=\"aux-parallax-section elementor-column elementor-col-20 elementor-top-column elementor-element elementor-element-229afe96\" data-id=\"229afe96\" data-element_type=\"column\" data-e-type=\"column\">\n\t\t\t<div class=\"elementor-widget-wrap\">\n\t\t\t\t\t\t\t<\/div>\n\t\t<\/div>\n\t\t\t\t\t<\/div>\n\t\t<\/section>\n\t\t\t\t<section class=\"elementor-section elementor-top-section elementor-element elementor-element-acf7d60 elementor-section-content-top elementor-section-boxed elementor-section-height-default elementor-section-height-default\" data-id=\"acf7d60\" data-element_type=\"section\" data-e-type=\"section\" data-settings=\"{&quot;background_background&quot;:&quot;classic&quot;}\">\n\t\t\t\t\t\t<div class=\"elementor-container elementor-column-gap-extended\">\n\t\t\t\t\t<div class=\"aux-parallax-section elementor-column elementor-col-50 elementor-top-column elementor-element elementor-element-d8671c4\" data-id=\"d8671c4\" data-element_type=\"column\" data-e-type=\"column\" data-settings=\"{&quot;background_background&quot;:&quot;classic&quot;}\">\n\t\t\t<div class=\"elementor-widget-wrap elementor-element-populated\">\n\t\t\t\t\t\t<div class=\"elementor-element elementor-element-b70b7a3 elementor-widget elementor-widget-heading\" data-id=\"b70b7a3\" data-element_type=\"widget\" data-e-type=\"widget\" data-widget_type=\"heading.default\">\n\t\t\t\t<div class=\"elementor-widget-container\">\n\t\t\t\t\t<h2 class=\"elementor-heading-title elementor-size-default\">Quer trabalhar connosco?<\/h2>\t\t\t\t<\/div>\n\t\t\t\t<\/div>\n\t\t\t\t<div class=\"elementor-element elementor-element-506ab92 elementor-widget elementor-widget-spacer\" data-id=\"506ab92\" data-element_type=\"widget\" data-e-type=\"widget\" data-widget_type=\"spacer.default\">\n\t\t\t\t<div class=\"elementor-widget-container\">\n\t\t\t\t\t\t\t<div class=\"elementor-spacer\">\n\t\t\t<div class=\"elementor-spacer-inner\"><\/div>\n\t\t<\/div>\n\t\t\t\t\t\t<\/div>\n\t\t\t\t<\/div>\n\t\t\t\t<div class=\"elementor-element elementor-element-c64bc2a elementor-widget elementor-widget-spacer\" data-id=\"c64bc2a\" data-element_type=\"widget\" data-e-type=\"widget\" data-widget_type=\"spacer.default\">\n\t\t\t\t<div class=\"elementor-widget-container\">\n\t\t\t\t\t\t\t<div class=\"elementor-spacer\">\n\t\t\t<div class=\"elementor-spacer-inner\"><\/div>\n\t\t<\/div>\n\t\t\t\t\t\t<\/div>\n\t\t\t\t<\/div>\n\t\t\t\t\t<\/div>\n\t\t<\/div>\n\t\t\t\t<div class=\"aux-parallax-section elementor-column elementor-col-50 elementor-top-column elementor-element elementor-element-6a71c8d\" data-id=\"6a71c8d\" data-element_type=\"column\" data-e-type=\"column\" data-settings=\"{&quot;background_background&quot;:&quot;classic&quot;}\">\n\t\t\t<div class=\"elementor-widget-wrap elementor-element-populated\">\n\t\t\t\t\t\t<div class=\"elementor-element elementor-element-c2bfd84 elementor-widget elementor-widget-heading\" data-id=\"c2bfd84\" data-element_type=\"widget\" data-e-type=\"widget\" data-widget_type=\"heading.default\">\n\t\t\t\t<div class=\"elementor-widget-container\">\n\t\t\t\t\t<p class=\"elementor-heading-title elementor-size-default\">Oferecemos-lhe estabilidade. E flexibilidade. Desenvolvimento profissional. A possibilidade de trabalhar a partir de onde quiser. Se for estudante, poder\u00e1 realizar um est\u00e1gio com uma dura\u00e7\u00e3o m\u00e1xima de seis meses. E, depois, celebrar um contrato de trabalho. Quer se considere um talento emergente, quer tenha um perfil consolidado, este pode ser um bom momento para nos conhecermos. A sua forma\u00e7\u00e3o n\u00e3o \u00e9 determinante. Acompanhamos o seu desenvolvimento. As pessoas com talento aprendem depressa.         <\/p>\t\t\t\t<\/div>\n\t\t\t\t<\/div>\n\t\t\t\t<div class=\"elementor-element elementor-element-bac527a elementor-widget elementor-widget-button\" data-id=\"bac527a\" data-element_type=\"widget\" data-e-type=\"widget\" data-widget_type=\"button.default\">\n\t\t\t\t<div class=\"elementor-widget-container\">\n\t\t\t\t\t\t\t\t\t<div class=\"elementor-button-wrapper\">\n\t\t\t\t\t<a class=\"elementor-button elementor-button-link elementor-size-md\" href=\"https:\/\/bebartlet.factorial.es\/\" target=\"_blank\" rel=\"noopener\">\n\t\t\t\t\t\t<span class=\"elementor-button-content-wrapper\">\n\t\t\t\t\t\t\t\t\t<span class=\"elementor-button-text\">CONTACTE-NOS<\/span>\n\t\t\t\t\t<\/span>\n\t\t\t\t\t<\/a>\n\t\t\t\t<\/div>\n\t\t\t\t\t\t\t\t<\/div>\n\t\t\t\t<\/div>\n\t\t\t\t\t<\/div>\n\t\t<\/div>\n\t\t\t\t\t<\/div>\n\t\t<\/section>\n\t\t\t\t<section class=\"elementor-section elementor-top-section elementor-element elementor-element-444ed6fa elementor-section-stretched elementor-section-content-middle elementor-section-boxed elementor-section-height-default elementor-section-height-default\" data-id=\"444ed6fa\" data-element_type=\"section\" data-e-type=\"section\" data-settings=\"{&quot;stretch_section&quot;:&quot;section-stretched&quot;}\">\n\t\t\t\t\t\t<div class=\"elementor-container elementor-column-gap-wider\">\n\t\t\t\t\t<div class=\"aux-parallax-section elementor-column elementor-col-25 elementor-top-column elementor-element elementor-element-262c1689\" data-id=\"262c1689\" data-element_type=\"column\" data-e-type=\"column\">\n\t\t\t<div class=\"elementor-widget-wrap elementor-element-populated\">\n\t\t\t\t\t\t<div class=\"elementor-element elementor-element-1410cae2 elementor-widget__width-initial elementor-widget elementor-widget-text-editor\" data-id=\"1410cae2\" data-element_type=\"widget\" data-e-type=\"widget\" data-widget_type=\"text-editor.default\">\n\t\t\t\t<div class=\"elementor-widget-container\">\n\t\t\t\t\t\t\t\t\t<p>A beBartlet S.L., no \u00e2mbito do programa Fundo Social Europeu Mais (FSE+) de incentivo \u00e0 contrata\u00e7\u00e3o de jovens, contou com o apoio da Comunidade de Madrid e com o cofinanciamento da Uni\u00e3o Europeia.<\/p>\t\t\t\t\t\t\t\t<\/div>\n\t\t\t\t<\/div>\n\t\t\t\t\t<\/div>\n\t\t<\/div>\n\t\t\t\t<div class=\"aux-parallax-section elementor-column elementor-col-25 elementor-top-column elementor-element elementor-element-49dec3a3\" data-id=\"49dec3a3\" data-element_type=\"column\" data-e-type=\"column\">\n\t\t\t<div class=\"elementor-widget-wrap elementor-element-populated\">\n\t\t\t\t\t\t<div class=\"elementor-element elementor-element-8dead82 elementor-widget elementor-widget-image\" data-id=\"8dead82\" data-element_type=\"widget\" data-e-type=\"widget\" data-widget_type=\"image.default\">\n\t\t\t\t<div class=\"elementor-widget-container\">\n\t\t\t\t\t\t\t\t\t\t\t\t\t\t\t<img fetchpriority=\"high\" decoding=\"async\" width=\"800\" height=\"168\" src=\"https:\/\/bebartlet.com\/wp-content\/uploads\/2024\/09\/BBT-Cofinanciado-Union-Europea.webp\" class=\"attachment-large size-large wp-image-16125\" alt=\"Cofinanciado pela Uni\u00e3o Europeia\" \/>\t\t\t\t\t\t\t\t\t\t\t\t\t\t\t<\/div>\n\t\t\t\t<\/div>\n\t\t\t\t\t<\/div>\n\t\t<\/div>\n\t\t\t\t<div class=\"aux-parallax-section elementor-column elementor-col-25 elementor-top-column elementor-element elementor-element-4dc648f\" data-id=\"4dc648f\" data-element_type=\"column\" data-e-type=\"column\">\n\t\t\t<div class=\"elementor-widget-wrap elementor-element-populated\">\n\t\t\t\t\t\t<div class=\"elementor-element elementor-element-7a410aa elementor-widget elementor-widget-image\" data-id=\"7a410aa\" data-element_type=\"widget\" data-e-type=\"widget\" data-widget_type=\"image.default\">\n\t\t\t\t<div class=\"elementor-widget-container\">\n\t\t\t\t\t\t\t\t\t\t\t\t\t\t\t<img decoding=\"async\" width=\"798\" height=\"168\" src=\"https:\/\/bebartlet.com\/wp-content\/uploads\/2024\/09\/BTT-Logo-Fondos-Europeos.webp\" class=\"attachment-large size-large wp-image-16127\" alt=\"Fundos Europeus\" \/>\t\t\t\t\t\t\t\t\t\t\t\t\t\t\t<\/div>\n\t\t\t\t<\/div>\n\t\t\t\t\t<\/div>\n\t\t<\/div>\n\t\t\t\t<div class=\"aux-parallax-section elementor-column elementor-col-25 elementor-top-column elementor-element elementor-element-f87df04\" data-id=\"f87df04\" data-element_type=\"column\" data-e-type=\"column\">\n\t\t\t<div class=\"elementor-widget-wrap elementor-element-populated\">\n\t\t\t\t\t\t<div class=\"elementor-element elementor-element-15464df elementor-widget elementor-widget-image\" data-id=\"15464df\" data-element_type=\"widget\" data-e-type=\"widget\" data-widget_type=\"image.default\">\n\t\t\t\t<div class=\"elementor-widget-container\">\n\t\t\t\t\t\t\t\t\t\t\t\t\t\t\t<img decoding=\"async\" width=\"452\" height=\"168\" src=\"https:\/\/bebartlet.com\/wp-content\/uploads\/2024\/09\/BBT-Comunidad-Madrid-Consejeria-Economia-Hacienda-Empleo.webp\" class=\"attachment-large size-large wp-image-16126\" alt=\"Comunidad de Madrid - Consejer\u00eda de Econom\u00eda, Hacienda y Empleo\" \/>\t\t\t\t\t\t\t\t\t\t\t\t\t\t\t<\/div>\n\t\t\t\t<\/div>\n\t\t\t\t\t<\/div>\n\t\t<\/div>\n\t\t\t\t\t<\/div>\n\t\t<\/section>\n\t\t\t\t<\/div>\n\t\t","protected":false},"excerpt":{"rendered":"<p>Somos Conhecimentos distintos para uma abordagem diferente Adrian Jofre Bosch S\u00f3cio e presidente da beBartlet Professor na IE University e na Escuela Diplom\u00e1tica de Espa\u00f1a. Anteriormente, foi consultor de M&amp;A. Economista pela Universitat Pompeu Fabra, mestre em Negocia\u00e7\u00e3o pela Universidade de Columbia e com p\u00f3s-gradua\u00e7\u00f5es em Harvard e Georgetown. Nacho Corredor S\u00f3cio e vice-presidente da [&hellip;]<\/p>\n","protected":false},"author":9,"featured_media":0,"parent":0,"menu_order":2,"comment_status":"closed","ping_status":"closed","template":"","meta":{"footnotes":""},"class_list":["post-16045","page","type-page","status-publish","hentry"],"_links":{"self":[{"href":"https:\/\/bebartlet.com\/pt-pt\/wp-json\/wp\/v2\/pages\/16045","targetHints":{"allow":["GET"]}}],"collection":[{"href":"https:\/\/bebartlet.com\/pt-pt\/wp-json\/wp\/v2\/pages"}],"about":[{"href":"https:\/\/bebartlet.com\/pt-pt\/wp-json\/wp\/v2\/types\/page"}],"author":[{"embeddable":true,"href":"https:\/\/bebartlet.com\/pt-pt\/wp-json\/wp\/v2\/users\/9"}],"replies":[{"embeddable":true,"href":"https:\/\/bebartlet.com\/pt-pt\/wp-json\/wp\/v2\/comments?post=16045"}],"version-history":[{"count":6,"href":"https:\/\/bebartlet.com\/pt-pt\/wp-json\/wp\/v2\/pages\/16045\/revisions"}],"predecessor-version":[{"id":16292,"href":"https:\/\/bebartlet.com\/pt-pt\/wp-json\/wp\/v2\/pages\/16045\/revisions\/16292"}],"wp:attachment":[{"href":"https:\/\/bebartlet.com\/pt-pt\/wp-json\/wp\/v2\/media?parent=16045"}],"curies":[{"name":"wp","href":"https:\/\/api.w.org\/{rel}","templated":true}]}}